{"id":3388,"date":"2023-11-06T11:48:32","date_gmt":"2023-11-06T11:48:32","guid":{"rendered":"https:\/\/weighstation.eu\/?post_type=event&#038;p=3388"},"modified":"2023-11-17T06:40:55","modified_gmt":"2023-11-17T06:40:55","slug":"wall-festival","status":"publish","type":"event","link":"https:\/\/weighstation.eu\/de\/event\/wall-festival\/","title":{"rendered":"WALL festival"},"content":{"rendered":"","protected":false},"featured_media":0,"template":"","typology":[42],"keyword":[48],"class_list":["post-3388","event","type-event","status-publish","hentry","typology-festival","keyword-festival"],"yoast_head":"<!-- This site is optimized with the Yoast SEO plugin v27.5 - https:\/\/yoast.com\/product\/yoast-seo-wordpress\/ -->\n<title>WALL festival - Weigh Station<\/title>\n<meta name=\"robots\" content=\"index, follow, max-snippet:-1, max-image-preview:large, max-video-preview:-1\" \/>\n<link rel=\"canonical\" href=\"https:\/\/weighstation.eu\/event\/wall-festival\/\" \/>\n<meta property=\"og:locale\" content=\"de_DE\" \/>\n<meta property=\"og:type\" content=\"article\" \/>\n<meta property=\"og:title\" content=\"WALL festival - Weigh Station\" \/>\n<meta property=\"og:url\" content=\"https:\/\/weighstation.eu\/event\/wall-festival\/\" \/>\n<meta property=\"og:site_name\" content=\"Weigh Station\" \/>\n<meta property=\"article:publisher\" content=\"https:\/\/www.facebook.com\/weighstationbz\" \/>\n<meta property=\"article:modified_time\" content=\"2023-11-17T06:40:55+00:00\" \/>\n<meta property=\"og:image\" content=\"https:\/\/weighstation.eu\/wp-content\/uploads\/2025\/01\/Tavola_disegno_1.png\" \/>\n\t<meta property=\"og:image:width\" content=\"1200\" \/>\n\t<meta property=\"og:image:height\" content=\"628\" \/>\n\t<meta property=\"og:image:type\" content=\"image\/png\" \/>\n<meta name=\"twitter:card\" content=\"summary_large_image\" \/>\n<script type=\"application\/ld+json\" class=\"yoast-schema-graph\">{\"@context\":\"https:\\\/\\\/schema.org\",\"@graph\":[{\"@type\":\"WebPage\",\"@id\":\"https:\\\/\\\/weighstation.eu\\\/event\\\/wall-festival\\\/\",\"url\":\"https:\\\/\\\/weighstation.eu\\\/event\\\/wall-festival\\\/\",\"name\":\"WALL festival - Weigh Station\",\"isPartOf\":{\"@id\":\"https:\\\/\\\/weighstation.eu\\\/#website\"},\"datePublished\":\"2023-11-06T11:48:32+00:00\",\"dateModified\":\"2023-11-17T06:40:55+00:00\",\"breadcrumb\":{\"@id\":\"https:\\\/\\\/weighstation.eu\\\/event\\\/wall-festival\\\/#breadcrumb\"},\"inLanguage\":\"de\",\"potentialAction\":[{\"@type\":\"ReadAction\",\"target\":[\"https:\\\/\\\/weighstation.eu\\\/event\\\/wall-festival\\\/\"]}]},{\"@type\":\"BreadcrumbList\",\"@id\":\"https:\\\/\\\/weighstation.eu\\\/event\\\/wall-festival\\\/#breadcrumb\",\"itemListElement\":[{\"@type\":\"ListItem\",\"position\":1,\"name\":\"Home\",\"item\":\"https:\\\/\\\/weighstation.eu\\\/\"},{\"@type\":\"ListItem\",\"position\":2,\"name\":\"WALL festival\"}]},{\"@type\":\"WebSite\",\"@id\":\"https:\\\/\\\/weighstation.eu\\\/#website\",\"url\":\"https:\\\/\\\/weighstation.eu\\\/\",\"name\":\"Weigh Station\",\"description\":\"Tutti gli appuntamenti di Weigh Station da non perdere, ci vediamo a Casa della Pesa \u2013 suona il campanello, siamo al secondo piano \u2013 oppure online.\",\"publisher\":{\"@id\":\"https:\\\/\\\/weighstation.eu\\\/#organization\"},\"potentialAction\":[{\"@type\":\"SearchAction\",\"target\":{\"@type\":\"EntryPoint\",\"urlTemplate\":\"https:\\\/\\\/weighstation.eu\\\/?s={search_term_string}\"},\"query-input\":{\"@type\":\"PropertyValueSpecification\",\"valueRequired\":true,\"valueName\":\"search_term_string\"}}],\"inLanguage\":\"de\"},{\"@type\":\"Organization\",\"@id\":\"https:\\\/\\\/weighstation.eu\\\/#organization\",\"name\":\"Weigh Station\",\"alternateName\":\"Weigh Station ETS\",\"url\":\"https:\\\/\\\/weighstation.eu\\\/\",\"logo\":{\"@type\":\"ImageObject\",\"inLanguage\":\"de\",\"@id\":\"https:\\\/\\\/weighstation.eu\\\/#\\\/schema\\\/logo\\\/image\\\/\",\"url\":\"https:\\\/\\\/weighstation.eu\\\/wp-content\\\/uploads\\\/2025\\\/01\\\/WS-LogoOrganizzazione.png\",\"contentUrl\":\"https:\\\/\\\/weighstation.eu\\\/wp-content\\\/uploads\\\/2025\\\/01\\\/WS-LogoOrganizzazione.png\",\"width\":1200,\"height\":1200,\"caption\":\"Weigh Station\"},\"image\":{\"@id\":\"https:\\\/\\\/weighstation.eu\\\/#\\\/schema\\\/logo\\\/image\\\/\"},\"sameAs\":[\"https:\\\/\\\/www.facebook.com\\\/weighstationbz\",\"https:\\\/\\\/www.instagram.com\\\/weigh_station\\\/\"]}]}<\/script>\n<!-- \/ Yoast SEO plugin. -->","yoast_head_json":{"title":"WALL festival - Weigh Station","robots":{"index":"index","follow":"follow","max-snippet":"max-snippet:-1","max-image-preview":"max-image-preview:large","max-video-preview":"max-video-preview:-1"},"canonical":"https:\/\/weighstation.eu\/event\/wall-festival\/","og_locale":"de_DE","og_type":"article","og_title":"WALL festival - Weigh Station","og_url":"https:\/\/weighstation.eu\/event\/wall-festival\/","og_site_name":"Weigh Station","article_publisher":"https:\/\/www.facebook.com\/weighstationbz","article_modified_time":"2023-11-17T06:40:55+00:00","og_image":[{"width":1200,"height":628,"url":"https:\/\/weighstation.eu\/wp-content\/uploads\/2025\/01\/Tavola_disegno_1.png","type":"image\/png"}],"twitter_card":"summary_large_image","schema":{"@context":"https:\/\/schema.org","@graph":[{"@type":"WebPage","@id":"https:\/\/weighstation.eu\/event\/wall-festival\/","url":"https:\/\/weighstation.eu\/event\/wall-festival\/","name":"WALL festival - Weigh Station","isPartOf":{"@id":"https:\/\/weighstation.eu\/#website"},"datePublished":"2023-11-06T11:48:32+00:00","dateModified":"2023-11-17T06:40:55+00:00","breadcrumb":{"@id":"https:\/\/weighstation.eu\/event\/wall-festival\/#breadcrumb"},"inLanguage":"de","potentialAction":[{"@type":"ReadAction","target":["https:\/\/weighstation.eu\/event\/wall-festival\/"]}]},{"@type":"BreadcrumbList","@id":"https:\/\/weighstation.eu\/event\/wall-festival\/#breadcrumb","itemListElement":[{"@type":"ListItem","position":1,"name":"Home","item":"https:\/\/weighstation.eu\/"},{"@type":"ListItem","position":2,"name":"WALL festival"}]},{"@type":"WebSite","@id":"https:\/\/weighstation.eu\/#website","url":"https:\/\/weighstation.eu\/","name":"Weigh Station","description":"Tutti gli appuntamenti di Weigh Station da non perdere, ci vediamo a Casa della Pesa \u2013 suona il campanello, siamo al secondo piano \u2013 oppure online.","publisher":{"@id":"https:\/\/weighstation.eu\/#organization"},"potentialAction":[{"@type":"SearchAction","target":{"@type":"EntryPoint","urlTemplate":"https:\/\/weighstation.eu\/?s={search_term_string}"},"query-input":{"@type":"PropertyValueSpecification","valueRequired":true,"valueName":"search_term_string"}}],"inLanguage":"de"},{"@type":"Organization","@id":"https:\/\/weighstation.eu\/#organization","name":"Weigh Station","alternateName":"Weigh Station ETS","url":"https:\/\/weighstation.eu\/","logo":{"@type":"ImageObject","inLanguage":"de","@id":"https:\/\/weighstation.eu\/#\/schema\/logo\/image\/","url":"https:\/\/weighstation.eu\/wp-content\/uploads\/2025\/01\/WS-LogoOrganizzazione.png","contentUrl":"https:\/\/weighstation.eu\/wp-content\/uploads\/2025\/01\/WS-LogoOrganizzazione.png","width":1200,"height":1200,"caption":"Weigh Station"},"image":{"@id":"https:\/\/weighstation.eu\/#\/schema\/logo\/image\/"},"sameAs":["https:\/\/www.facebook.com\/weighstationbz","https:\/\/www.instagram.com\/weigh_station\/"]}]}},"acf":{"type":{"external":false},"agenda":{"project":{"id":10,"date":"2021-02-10T16:23:45","date_gmt":"2021-02-10T16:23:45","guid":{"rendered":"http:\/\/wp.ws.test\/?post_type=project&#038;p=10"},"modified":"2025-02-24T13:53:24","modified_gmt":"2025-02-24T13:53:24","slug":"chi-ce-ce","status":"publish","type":"project","link":"https:\/\/weighstation.eu\/de\/project\/chi-ce-ce\/","title":{"rendered":"Chi c\u2019\u00e8 c\u2019\u00e8"},"content":{"rendered":"","protected":false},"featured_media":0,"template":"","class_list":["post-10","project","type-project","status-publish","hentry"],"yoast_head":"<!-- This site is optimized with the Yoast SEO plugin v27.5 - https:\/\/yoast.com\/product\/yoast-seo-wordpress\/ -->\n<title>Chi c\u2019\u00e8 c\u2019\u00e8 - Weigh Station<\/title>\n<meta name=\"robots\" content=\"index, follow, max-snippet:-1, max-image-preview:large, max-video-preview:-1\" \/>\n<link rel=\"canonical\" href=\"https:\/\/weighstation.eu\/project\/chi-ce-ce\/\" \/>\n<meta property=\"og:locale\" content=\"de_DE\" \/>\n<meta property=\"og:type\" content=\"article\" \/>\n<meta property=\"og:title\" content=\"Chi c\u2019\u00e8 c\u2019\u00e8 - Weigh Station\" \/>\n<meta property=\"og:url\" content=\"https:\/\/weighstation.eu\/project\/chi-ce-ce\/\" \/>\n<meta property=\"og:site_name\" content=\"Weigh Station\" \/>\n<meta property=\"article:publisher\" content=\"https:\/\/www.facebook.com\/weighstationbz\" \/>\n<meta property=\"article:modified_time\" content=\"2025-02-24T13:53:24+00:00\" \/>\n<meta property=\"og:image\" content=\"https:\/\/weighstation.eu\/wp-content\/uploads\/2025\/01\/Tavola_disegno_1.png\" \/>\n\t<meta property=\"og:image:width\" content=\"1200\" \/>\n\t<meta property=\"og:image:height\" content=\"628\" \/>\n\t<meta property=\"og:image:type\" content=\"image\/png\" \/>\n<meta name=\"twitter:card\" content=\"summary_large_image\" \/>\n<script type=\"application\/ld+json\" class=\"yoast-schema-graph\">{\"@context\":\"https:\\\/\\\/schema.org\",\"@graph\":[{\"@type\":\"WebPage\",\"@id\":\"https:\\\/\\\/weighstation.eu\\\/project\\\/chi-ce-ce\\\/\",\"url\":\"https:\\\/\\\/weighstation.eu\\\/project\\\/chi-ce-ce\\\/\",\"name\":\"Chi c\u2019\u00e8 c\u2019\u00e8 - Weigh Station\",\"isPartOf\":{\"@id\":\"https:\\\/\\\/weighstation.eu\\\/#website\"},\"datePublished\":\"2021-02-10T16:23:45+00:00\",\"dateModified\":\"2025-02-24T13:53:24+00:00\",\"breadcrumb\":{\"@id\":\"https:\\\/\\\/weighstation.eu\\\/project\\\/chi-ce-ce\\\/#breadcrumb\"},\"inLanguage\":\"de\",\"potentialAction\":[{\"@type\":\"ReadAction\",\"target\":[\"https:\\\/\\\/weighstation.eu\\\/project\\\/chi-ce-ce\\\/\"]}]},{\"@type\":\"BreadcrumbList\",\"@id\":\"https:\\\/\\\/weighstation.eu\\\/project\\\/chi-ce-ce\\\/#breadcrumb\",\"itemListElement\":[{\"@type\":\"ListItem\",\"position\":1,\"name\":\"Home\",\"item\":\"https:\\\/\\\/weighstation.eu\\\/\"},{\"@type\":\"ListItem\",\"position\":2,\"name\":\"Chi c\u2019\u00e8 c\u2019\u00e8\"}]},{\"@type\":\"WebSite\",\"@id\":\"https:\\\/\\\/weighstation.eu\\\/#website\",\"url\":\"https:\\\/\\\/weighstation.eu\\\/\",\"name\":\"Weigh Station\",\"description\":\"Tutti gli appuntamenti di Weigh Station da non perdere, ci vediamo a Casa della Pesa \u2013 suona il campanello, siamo al secondo piano \u2013 oppure online.\",\"publisher\":{\"@id\":\"https:\\\/\\\/weighstation.eu\\\/#organization\"},\"potentialAction\":[{\"@type\":\"SearchAction\",\"target\":{\"@type\":\"EntryPoint\",\"urlTemplate\":\"https:\\\/\\\/weighstation.eu\\\/?s={search_term_string}\"},\"query-input\":{\"@type\":\"PropertyValueSpecification\",\"valueRequired\":true,\"valueName\":\"search_term_string\"}}],\"inLanguage\":\"de\"},{\"@type\":\"Organization\",\"@id\":\"https:\\\/\\\/weighstation.eu\\\/#organization\",\"name\":\"Weigh Station\",\"alternateName\":\"Weigh Station ETS\",\"url\":\"https:\\\/\\\/weighstation.eu\\\/\",\"logo\":{\"@type\":\"ImageObject\",\"inLanguage\":\"de\",\"@id\":\"https:\\\/\\\/weighstation.eu\\\/#\\\/schema\\\/logo\\\/image\\\/\",\"url\":\"https:\\\/\\\/weighstation.eu\\\/wp-content\\\/uploads\\\/2025\\\/01\\\/WS-LogoOrganizzazione.png\",\"contentUrl\":\"https:\\\/\\\/weighstation.eu\\\/wp-content\\\/uploads\\\/2025\\\/01\\\/WS-LogoOrganizzazione.png\",\"width\":1200,\"height\":1200,\"caption\":\"Weigh Station\"},\"image\":{\"@id\":\"https:\\\/\\\/weighstation.eu\\\/#\\\/schema\\\/logo\\\/image\\\/\"},\"sameAs\":[\"https:\\\/\\\/www.facebook.com\\\/weighstationbz\",\"https:\\\/\\\/www.instagram.com\\\/weigh_station\\\/\"]}]}<\/script>\n<!-- \/ Yoast SEO plugin. -->","yoast_head_json":{"title":"Chi c\u2019\u00e8 c\u2019\u00e8 - Weigh Station","robots":{"index":"index","follow":"follow","max-snippet":"max-snippet:-1","max-image-preview":"max-image-preview:large","max-video-preview":"max-video-preview:-1"},"canonical":"https:\/\/weighstation.eu\/project\/chi-ce-ce\/","og_locale":"de_DE","og_type":"article","og_title":"Chi c\u2019\u00e8 c\u2019\u00e8 - Weigh Station","og_url":"https:\/\/weighstation.eu\/project\/chi-ce-ce\/","og_site_name":"Weigh Station","article_publisher":"https:\/\/www.facebook.com\/weighstationbz","article_modified_time":"2025-02-24T13:53:24+00:00","og_image":[{"width":1200,"height":628,"url":"https:\/\/weighstation.eu\/wp-content\/uploads\/2025\/01\/Tavola_disegno_1.png","type":"image\/png"}],"twitter_card":"summary_large_image","schema":{"@context":"https:\/\/schema.org","@graph":[{"@type":"WebPage","@id":"https:\/\/weighstation.eu\/project\/chi-ce-ce\/","url":"https:\/\/weighstation.eu\/project\/chi-ce-ce\/","name":"Chi c\u2019\u00e8 c\u2019\u00e8 - Weigh Station","isPartOf":{"@id":"https:\/\/weighstation.eu\/#website"},"datePublished":"2021-02-10T16:23:45+00:00","dateModified":"2025-02-24T13:53:24+00:00","breadcrumb":{"@id":"https:\/\/weighstation.eu\/project\/chi-ce-ce\/#breadcrumb"},"inLanguage":"de","potentialAction":[{"@type":"ReadAction","target":["https:\/\/weighstation.eu\/project\/chi-ce-ce\/"]}]},{"@type":"BreadcrumbList","@id":"https:\/\/weighstation.eu\/project\/chi-ce-ce\/#breadcrumb","itemListElement":[{"@type":"ListItem","position":1,"name":"Home","item":"https:\/\/weighstation.eu\/"},{"@type":"ListItem","position":2,"name":"Chi c\u2019\u00e8 c\u2019\u00e8"}]},{"@type":"WebSite","@id":"https:\/\/weighstation.eu\/#website","url":"https:\/\/weighstation.eu\/","name":"Weigh Station","description":"Tutti gli appuntamenti di Weigh Station da non perdere, ci vediamo a Casa della Pesa \u2013 suona il campanello, siamo al secondo piano \u2013 oppure online.","publisher":{"@id":"https:\/\/weighstation.eu\/#organization"},"potentialAction":[{"@type":"SearchAction","target":{"@type":"EntryPoint","urlTemplate":"https:\/\/weighstation.eu\/?s={search_term_string}"},"query-input":{"@type":"PropertyValueSpecification","valueRequired":true,"valueName":"search_term_string"}}],"inLanguage":"de"},{"@type":"Organization","@id":"https:\/\/weighstation.eu\/#organization","name":"Weigh Station","alternateName":"Weigh Station ETS","url":"https:\/\/weighstation.eu\/","logo":{"@type":"ImageObject","inLanguage":"de","@id":"https:\/\/weighstation.eu\/#\/schema\/logo\/image\/","url":"https:\/\/weighstation.eu\/wp-content\/uploads\/2025\/01\/WS-LogoOrganizzazione.png","contentUrl":"https:\/\/weighstation.eu\/wp-content\/uploads\/2025\/01\/WS-LogoOrganizzazione.png","width":1200,"height":1200,"caption":"Weigh Station"},"image":{"@id":"https:\/\/weighstation.eu\/#\/schema\/logo\/image\/"},"sameAs":["https:\/\/www.facebook.com\/weighstationbz","https:\/\/www.instagram.com\/weigh_station\/"]}]}},"acf":{"hero":{"image":{"ID":518,"id":518,"title":"Progetto-chi_c'e_c'e-Cani","filename":"Progetto-chi_ce_ce-Cani.jpg","filesize":711704,"url":"https:\/\/weighstation.eu\/wp-content\/uploads\/2021\/02\/Progetto-chi_ce_ce-Cani.jpg","link":"https:\/\/weighstation.eu\/de\/project\/chi-ce-ce\/progetto-chi_ce_ce-cani\/","alt":"","author":"1","description":"","caption":"","name":"progetto-chi_ce_ce-cani","status":"inherit","uploaded_to":10,"date":"2021-03-29 12:49:45","modified":"2021-03-29 12:49:45","menu_order":0,"mime_type":"image\/jpeg","type":"image","subtype":"jpeg","icon":"https:\/\/weighstation.eu\/wp-includes\/images\/media\/default.png","width":1536,"height":1020,"sizes":{"thumbnail":"https:\/\/weighstation.eu\/wp-content\/uploads\/2021\/02\/Progetto-chi_ce_ce-Cani-150x150.jpg","thumbnail-width":150,"thumbnail-height":150,"medium":"https:\/\/weighstation.eu\/wp-content\/uploads\/2021\/02\/Progetto-chi_ce_ce-Cani-300x199.jpg","medium-width":300,"medium-height":199,"medium_large":"https:\/\/weighstation.eu\/wp-content\/uploads\/2021\/02\/Progetto-chi_ce_ce-Cani-768x510.jpg","medium_large-width":768,"medium_large-height":510,"large":"https:\/\/weighstation.eu\/wp-content\/uploads\/2021\/02\/Progetto-chi_ce_ce-Cani-1024x680.jpg","large-width":1024,"large-height":680,"1536x1536":"https:\/\/weighstation.eu\/wp-content\/uploads\/2021\/02\/Progetto-chi_ce_ce-Cani.jpg","1536x1536-width":1536,"1536x1536-height":1020,"2048x2048":"https:\/\/weighstation.eu\/wp-content\/uploads\/2021\/02\/Progetto-chi_ce_ce-Cani.jpg","2048x2048-width":1536,"2048x2048-height":1020}}},"content":{"description":"<p>CHI C\u2019\u00c8 C\u2019\u00c8 sind kleinere und gr\u00f6\u00dfere Anl\u00e4sse, um sich zu treffen und zu reden, zu singen, sich auszutauschen, zu tanzen, zu beobachten, sich an einer Show oder einer Performance zu erfreuen. Die Events stehen all jenen offen, die auf unserer Couch im zweiten Stock des Waaghauses Platz nehmen m\u00f6chten.<\/p>\n","body":""},"info":{"color":"green"},"blocks":false,"agenda":{"use_filter":true}}},"typology":{"term_id":42,"name":"Festival","slug":"festival","term_group":0,"term_taxonomy_id":42,"taxonomy":"typology","description":"","parent":0,"count":7,"filter":"raw","i18n_config":{"name":{"ts":{"it":"Festival"}}}},"consultant":"error","schedule":{"type":"period","occurrences":false,"period":{"start":"2023-11-15","end":"2023-11-18"}}},"info":{"image":{"ID":3389,"id":3389,"title":"Website-Archive-WallFestival","filename":"Website-Archive-WallFestival.jpg","filesize":84822,"url":"https:\/\/weighstation.eu\/wp-content\/uploads\/2023\/11\/Website-Archive-WallFestival.jpg","link":"https:\/\/weighstation.eu\/de\/event\/wall-festival\/website-archive-wallfestival\/","alt":"","author":"2","description":"","caption":"","name":"website-archive-wallfestival","status":"inherit","uploaded_to":3388,"date":"2023-11-06 11:21:14","modified":"2023-11-06 11:21:14","menu_order":0,"mime_type":"image\/jpeg","type":"image","subtype":"jpeg","icon":"https:\/\/weighstation.eu\/wp-includes\/images\/media\/default.png","width":726,"height":484,"sizes":{"thumbnail":"https:\/\/weighstation.eu\/wp-content\/uploads\/2023\/11\/Website-Archive-WallFestival.jpg","thumbnail-width":150,"thumbnail-height":100,"medium":"https:\/\/weighstation.eu\/wp-content\/uploads\/2023\/11\/Website-Archive-WallFestival.jpg","medium-width":300,"medium-height":200,"medium_large":"https:\/\/weighstation.eu\/wp-content\/uploads\/2023\/11\/Website-Archive-WallFestival.jpg","medium_large-width":726,"medium_large-height":484,"large":"https:\/\/weighstation.eu\/wp-content\/uploads\/2023\/11\/Website-Archive-WallFestival.jpg","large-width":726,"large-height":484,"1536x1536":"https:\/\/weighstation.eu\/wp-content\/uploads\/2023\/11\/Website-Archive-WallFestival.jpg","1536x1536-width":726,"1536x1536-height":484,"2048x2048":"https:\/\/weighstation.eu\/wp-content\/uploads\/2023\/11\/Website-Archive-WallFestival.jpg","2048x2048-width":726,"2048x2048-height":484}},"title":"WALL festival","subtitle":"Das Festival von Weigh Station zum Thema Arbeit und Zukunft","keyword":{"term_id":48,"name":"Festival","slug":"festival","term_group":0,"term_taxonomy_id":48,"taxonomy":"keyword","description":"","parent":0,"count":7,"filter":"raw","i18n_config":{"name":{"ts":{"it":"Festival"}}}}},"content":{"image":{"ID":3390,"id":3390,"title":"WS-WallFestival-Banner","filename":"WS-WallFestival-Banner.jpg","filesize":329295,"url":"https:\/\/weighstation.eu\/wp-content\/uploads\/2023\/11\/WS-WallFestival-Banner.jpg","link":"https:\/\/weighstation.eu\/de\/event\/wall-festival\/ws-wallfestival-banner\/","alt":"","author":"2","description":"","caption":"","name":"ws-wallfestival-banner","status":"inherit","uploaded_to":3388,"date":"2023-11-06 11:22:18","modified":"2023-11-06 11:22:18","menu_order":0,"mime_type":"image\/jpeg","type":"image","subtype":"jpeg","icon":"https:\/\/weighstation.eu\/wp-includes\/images\/media\/default.png","width":1920,"height":1005,"sizes":{"thumbnail":"https:\/\/weighstation.eu\/wp-content\/uploads\/2023\/11\/WS-WallFestival-Banner.jpg","thumbnail-width":150,"thumbnail-height":79,"medium":"https:\/\/weighstation.eu\/wp-content\/uploads\/2023\/11\/WS-WallFestival-Banner.jpg","medium-width":300,"medium-height":157,"medium_large":"https:\/\/weighstation.eu\/wp-content\/uploads\/2023\/11\/WS-WallFestival-Banner.jpg","medium_large-width":768,"medium_large-height":402,"large":"https:\/\/weighstation.eu\/wp-content\/uploads\/2023\/11\/WS-WallFestival-Banner.jpg","large-width":1024,"large-height":536,"1536x1536":"https:\/\/weighstation.eu\/wp-content\/uploads\/2023\/11\/WS-WallFestival-Banner.jpg","1536x1536-width":1536,"1536x1536-height":804,"2048x2048":"https:\/\/weighstation.eu\/wp-content\/uploads\/2023\/11\/WS-WallFestival-Banner.jpg","2048x2048-width":1920,"2048x2048-height":1005}},"body":"<p>&nbsp;<\/p>\n<p><strong>WALL festival<\/strong><br \/>\n<em><strong>Das Festival von Weigh Station zum Thema Arbeit und Zukunft<\/strong><\/em><\/p>\n<p><strong>15.\u201318.11.23 <\/strong><br \/>\n<strong>Casa della Pesa \/ Waaghaus, BZ<\/strong><\/p>\n<p>Ein Festival zum Thema Arbeit und Zukunft, um die neue der Wall gewidmete Website und alles, was damit zusammenh\u00e4ngt, zu pr\u00e4sentieren. Mit Vortr\u00e4gen, Einzelberatungen und Seminaren sowie Networking-Gelegenheiten, einem Konzert, Self\u00a0Care und einem Fotoshooting werfen wir einen 360-Grad-Blick auf die Arbeitswelt von heute. Mehr als 15\u00a0Expertinnen und Experten stehen zur Verf\u00fcgung, um bestimmte Themen zu vertiefen und Zweifel auszur\u00e4umen. Also lasst euch an den 4\u00a0Tagen voller Veranstaltungen inspirieren!<\/p>\n<p>&nbsp;<\/p>\n<p>&nbsp;<\/p>\n<p><strong>DAY 1 | 15.11.23<\/strong><\/p>\n<p><em><strong>H 18 @Waag caf\u00e8 | presentation New WS Wall + Dj set by Mattia Lorenzi<\/strong><\/em><br \/>\n3, 2, 1 \u2026 wall.weighstation.eu ist online!<br \/>\nDu bist in S\u00fcdtirol oder dem benachbarten Trentino t\u00e4tig oder hast eine Verbindung zu dieser Region? Werde Teil der Community oder finde unter den Profilen eine*n Projektpartner*in. Be a waller!<br \/>\nWS\u00a0Wall ist eine Plattform f\u00fcr junge kreative K\u00f6pfe und Menschen aus Trentino-S\u00fcdtirol, die im Bereich Kultur und Kreativit\u00e4t beruflich t\u00e4tig sind oder einen Beruf in diesem Bereich anstreben. Am 15.\u00a0November geht die neue Website online\u00a0\u2013 das m\u00f6chten wir zusammen mit euch feiern! Egal ob ihr bereits Mitglied seid oder nicht, wir erwarten euch im Waaghaus, um gemeinsam alle Neuheiten zu entdecken.<\/p>\n<p>&nbsp;<\/p>\n<p><strong>***<\/strong><br \/>\n<strong>DAY 2 | 16.11.23<\/strong><\/p>\n<p><em><strong>H 15 \u2013 18 @Waag caf\u00e8 | WALL space: photo-shooting + WS Wall sign up!<br \/>\n<\/strong><\/em>Ein Raum, der f\u00fcr die gesamte Dauer des Festivals der Wall gewidmet ist. Hier kannst du Informationen einholen, dich direkt auf der Plattform registrieren oder andere Waller*innen f\u00fcr eine Zusammenarbeit suchen. Du hast kein Profilbild? Kein Problem! Eine professionelle Fotografin steht den ganzen Nachmittag f\u00fcr ein kostenloses Fotoshooting zur Verf\u00fcgung. Nutze die Gelegenheit! Wir erwarten dich im WALL space.<\/p>\n<p><em><strong>\u00a0H 16-18 @ Waag +2 | Speed date \u2013 Einzelberatungen<br \/>\n<\/strong><\/em>WALL hei\u00dft Beratungen! W\u00e4hrend des WALL festival hast du die M\u00f6glichkeit, dich pers\u00f6nlich mit verschiedenen Expertinnen und Experten zu treffen, die auf die unterschiedlichen Herausforderungen eingehen, auf die du w\u00e4hrend deiner beruflichen T\u00e4tigkeit sto\u00dfen k\u00f6nntest. Wie bei einem Speeddating kannst du eine kostenlose professionelle Beratung zum jeweiligen Thema in Anspruch nehmen. Am Donnerstag, 16.11. stehen folgende Fachleute zur Verf\u00fcgung:<br \/>\n<strong>Francesca Mari | Personal Branding<\/strong><br \/>\n<strong>Sirio Schiano lo Moriello | Communication Strategy and Press Office<\/strong><br \/>\n<strong>Mattia Prevedello | Steuerberater<\/strong><br \/>\nFreier Eintritt! Wenn du sicher bist, dass du kommst, kannst du den Fachleuten bereits deinen Fall erl\u00e4utern: Schreibe eine E-Mail an wall@weighstation.eu, um sicherzustellen, dass du die Antwort erh\u00e4ltst, die du suchst.<\/p>\n<p><em><strong>H 18 \u2013 20 @ Waag +2 | Seminar \u201eVereinbarkeit von Berufs- und Privatleben: Sensibilisierungs\u00fcbungen und rechtliche Aspekte\u201c mit Fulvio Fameli, Andrea Passamonti und Elisabetta Bartocci<br \/>\n<\/strong><\/em>WALL hei\u00dft Seminare! Bei diesem Treffen soll die Vereinbarkeit von Privat-, Familien- und Berufsleben aus der Sicht des Arbeitsrechts beleuchtet werden. Ausgehend von einer Reflexion \u00fcber die eigenen Werte und Lebensbereiche wird das Thema unter dem Gesichtspunkt der Rechte betrachtet. Dabei werden verschiedene Themen angesprochen: von Mobbing, Bel\u00e4stigung und Gleichstellung von Mann und Frau \u00fcber Aspekte der Besteuerung Selbst\u00e4ndiger bis hin zu den verschiedenen M\u00f6glichkeiten und Beitr\u00e4gen zur Unterst\u00fctzung der Elternschaft. Das Seminar wird von drei Fachleuten aus verschiedenen Bereichen abgehalten: Arbeitsrechtsberater Andrea Passamonti, Rechtsanwalt Fulvio Fameli, Experte f\u00fcr Arbeitsrecht, und Elisabetta Bartocci, NLP-Coach und Expertin f\u00fcr Unternehmensorganisation und Work-Life-Balance.<\/p>\n<p>freier Eintritt; Anmeldung auf <a href=\"https:\/\/www.eventbrite.it\/e\/wall-festival-seminario-conciliazione-vita-e-lavoro-tickets-753679765467?aff=oddtdtcreator\" target=\"_blank\" rel=\"noopener\">Eventbrite<\/a><\/p>\n<p><strong>***<\/strong><br \/>\n<strong>DAY 3 | 17.11.23<br \/>\n<\/strong><br \/>\n<strong><em>H 15 \u2013 18 @Waag caf\u00e8 | WALL space: photo-shooting + WS Wall sign up!<\/em><\/strong><br \/>\nEin Raum, der f\u00fcr die gesamte Dauer des Festivals der Wall gewidmet ist. Hier kannst du Informationen einholen, dich direkt auf der Plattform registrieren oder andere Waller*innen f\u00fcr eine Zusammenarbeit suchen. Du hast kein Profilbild? Kein Problem! Eine professionelle Fotografin steht den ganzen Nachmittag f\u00fcr ein kostenloses Fotoshooting zur Verf\u00fcgung. Nutze die Gelegenheit! Wir erwarten dich im WALL space.<\/p>\n<p><em><strong>H 16-18 @ Waag +2 | Speed date \u2013 Einzelberatungen<br \/>\n<\/strong><\/em>WALL hei\u00dft Beratungen! W\u00e4hrend des WALL festival hast du die M\u00f6glichkeit, dich pers\u00f6nlich mit verschiedenen Expertinnen und Experten zu treffen, die auf die unterschiedlichen Herausforderungen eingehen, auf die du w\u00e4hrend deiner beruflichen T\u00e4tigkeit sto\u00dfen k\u00f6nntest. Wie bei einem Speeddating kannst du eine kostenlose, halbst\u00fcndige professionelle Beratung zum jeweiligen Thema in Anspruch nehmen. Am Freitag, 17.11. stehen folgende Fachleute zur Verf\u00fcgung:<br \/>\n<strong>Franziska Weitgruber | Portfolio review: Grafik und Typografie<\/strong><br \/>\n<strong>Alessandra Zengo | Publishing<\/strong><br \/>\n<strong>Eleonora Castagna | Art curator<br \/>\n<\/strong>Freier Eintritt! Wenn du sicher bist, dass du kommst, kannst du den Fachleuten bereits deinen Fall erl\u00e4utern: Schreibe eine E-Mail an wall@weighstation.eu, um sicherzustellen, dass du die Antwort erh\u00e4ltst, die du suchst.<strong><br \/>\n<\/strong><\/p>\n<p><em><strong>H 18 \u2013 20 @ Waag +3 | Seminar \u201eORGANISATION UND GL\u00dcCK: EIN GLEICHGEWICHT ZWISCHEN ARBEIT UND PRIVATLEBEN FINDEN\u201c mit Organizzatessen<br \/>\n<\/strong><\/em>WALL hei\u00dft Seminare! Deine Tage sind hektisch, deine Arbeit nimmt zu viel Raum ein und du hast keine Zeit, dich dem pers\u00f6nlichen Projekt zu widmen, das du seit Monaten aufschiebst? Alle reden von Work-Life-Balance und du fragst dich, ob es wirklich einen Weg gibt, ein Gleichgewicht zu erreichen, oder ob dies eine Utopie ist. Dieses Treffen mit dem Team von Organizzatessen wird dir helfen, zu verstehen, was deine Tage ausf\u00fcllt, und Klarheit dar\u00fcber zu gewinnen, welche Aktivit\u00e4ten am wichtigsten sind. Zudem wird es dir helfen, zu verstehen, was dir deine Zeit, aber auch deine Aufmerksamkeit raubt und dich daran hindert, deine Ziele zu erreichen. Es werden Techniken und Werkzeuge vermittelt, mit denen du deine Arbeitsweise sofort \u00e4ndern kannst, um bessere Ergebnisse zu erzielen und Zeit zu gewinnen. Vielleicht besteht das Gl\u00fcck ja genau darin.<br \/>\nOrganizzatessen ist ein Team von Ausbilderinnen und pers\u00f6nlichen Organisationsberaterinnen, das seit 2016 aktiv ist. Es f\u00fchrt Schulungen zur Verbesserung der organisatorischen F\u00e4higkeiten von Einzelpersonen und Arbeitsteams durch. Zudem begleitet das Team Unternehmen bei Ver\u00e4nderungen und der Entwicklung eines neuen Mindsets, wodurch Leistung, Produktivit\u00e4t und Zufriedenheit gesteigert werden k\u00f6nnen.<\/p>\n<p>freier Eintritt; Anmeldung auf <a href=\"https:\/\/www.eventbrite.it\/e\/wall-festival-seminario-organizzazione-e-felicita-tickets-753689645017?aff=oddtdtcreator\" target=\"_blank\" rel=\"noopener\">Eventbrite<\/a><\/p>\n<p><strong>***<\/strong><br \/>\n<strong>DAY 4 | 18.11.23<\/strong><\/p>\n<p><strong><em>H 10 \u2013 11 @ Waag+3 | WS Self Care session<\/em><\/strong><br \/>\nWALL hei\u00dft Self Care! Zusammen mit der Yogalehrerin Jo Kezich beginnen wir den letzten Tag des Festivals mit einer gemeinsamen Pause, die dem k\u00f6rperlichen und geistigen Wohlbefinden gewidmet ist. Freier Eintritt f\u00fcr alle.<\/p>\n<p><strong>H 11:30 \u2013 13 @ Waag +3 | Main Conference: Lasst uns \u00fcber Arbeit und Zukunft sprechen<br \/>\n<\/strong>mit:<\/p>\n<p><strong>Luca Capriotti | Die Arbeit der Zukunft ist ein Open-World-Spiel.<\/strong><\/p>\n<p><strong>Valentina Rovro | Eine neue Work-Life-Balance: zwischen 4-Tage-Woche, Produktivit\u00e4t und Sozialwirtschaft<\/strong><\/p>\n<p><strong>Alessandro Sahebi | Arbeit und Armut: welche Zukunft?<\/strong><\/p>\n<p>Freier Eintritt f\u00fcr alle.<\/p>\n<p>&nbsp;<\/p>\n<p><em><strong>H 13 @Waag Caf\u00e8 | Light lunch &amp; get together<\/strong><\/em><\/p>\n<p><em><strong>H 15 \u2013 18 @Waag Caf\u00e8 | WALL space: photo-shooting + WS Wall sign up!<br \/>\n<\/strong><\/em>Ein Raum, der f\u00fcr die gesamte Dauer des Festivals der Wall gewidmet ist. Hier kannst du Informationen einholen, dich direkt auf der Plattform registrieren oder andere Waller*innen f\u00fcr eine Zusammenarbeit suchen. Du hast kein Profilbild? Kein Problem! Eine professionelle Fotografin steht den ganzen Nachmittag f\u00fcr ein kostenloses Fotoshooting zur Verf\u00fcgung. Nutze die Gelegenheit! Wir erwarten dich im WALL space.<\/p>\n<p>&nbsp;<\/p>\n<p>&gt;&gt;&gt;&gt; Die Veranstaltungen werden in italienischer Sprache abgehalten.<\/p>\n","credits":"<p>Un progetto di \/ Ein Projekt von: Weigh Station<br \/>\nCon il sostegno di \/ Mit der Unterst\u00fctzung von: Ufficio Politiche giovanili \u2013 Ripartizione Cultura Italiana della provincia Autonoma di Bolzano \u2013 Alto Adige + Comune di Bolzano<\/p>\n"},"blocks":false},"_links":{"self":[{"href":"https:\/\/weighstation.eu\/de\/wp-json\/wp\/v2\/event\/3388","targetHints":{"allow":["GET"]}}],"collection":[{"href":"https:\/\/weighstation.eu\/de\/wp-json\/wp\/v2\/event"}],"about":[{"href":"https:\/\/weighstation.eu\/de\/wp-json\/wp\/v2\/types\/event"}],"wp:attachment":[{"href":"https:\/\/weighstation.eu\/de\/wp-json\/wp\/v2\/media?parent=3388"}],"wp:term":[{"taxonomy":"typology","embeddable":true,"href":"https:\/\/weighstation.eu\/de\/wp-json\/wp\/v2\/typology?post=3388"},{"taxonomy":"keyword","embeddable":true,"href":"https:\/\/weighstation.eu\/de\/wp-json\/wp\/v2\/keyword?post=3388"}],"curies":[{"name":"wp","href":"https:\/\/api.w.org\/{rel}","templated":true}]}}