{"id":3421,"date":"2023-12-04T09:06:41","date_gmt":"2023-12-04T09:06:41","guid":{"rendered":"https:\/\/weighstation.eu\/?post_type=event&#038;p=3421"},"modified":"2023-12-04T11:28:26","modified_gmt":"2023-12-04T11:28:26","slug":"chi-ce-ce-meets-idm-film-jour-fixe-2","status":"publish","type":"event","link":"https:\/\/weighstation.eu\/de\/event\/chi-ce-ce-meets-idm-film-jour-fixe-2\/","title":{"rendered":"CHI C\u2019\u00c9 C\u2019\u00c9! meets IDM FILM JOUR FIXE"},"content":{"rendered":"","protected":false},"featured_media":0,"template":"","typology":[39],"keyword":[],"class_list":["post-3421","event","type-event","status-publish","hentry","typology-talk"],"yoast_head":"<!-- This site is optimized with the Yoast SEO plugin v27.5 - https:\/\/yoast.com\/product\/yoast-seo-wordpress\/ -->\n<title>CHI C\u2019\u00c9 C\u2019\u00c9! meets IDM FILM JOUR FIXE - Weigh Station<\/title>\n<meta name=\"robots\" content=\"index, follow, max-snippet:-1, max-image-preview:large, max-video-preview:-1\" \/>\n<link rel=\"canonical\" href=\"https:\/\/weighstation.eu\/event\/chi-ce-ce-meets-idm-film-jour-fixe-2\/\" \/>\n<meta property=\"og:locale\" content=\"de_DE\" \/>\n<meta property=\"og:type\" content=\"article\" \/>\n<meta property=\"og:title\" content=\"CHI C\u2019\u00c9 C\u2019\u00c9! meets IDM FILM JOUR FIXE - Weigh Station\" \/>\n<meta property=\"og:url\" content=\"https:\/\/weighstation.eu\/event\/chi-ce-ce-meets-idm-film-jour-fixe-2\/\" \/>\n<meta property=\"og:site_name\" content=\"Weigh Station\" \/>\n<meta property=\"article:publisher\" content=\"https:\/\/www.facebook.com\/weighstationbz\" \/>\n<meta property=\"article:modified_time\" content=\"2023-12-04T11:28:26+00:00\" \/>\n<meta property=\"og:image\" content=\"https:\/\/weighstation.eu\/wp-content\/uploads\/2025\/01\/Tavola_disegno_1.png\" \/>\n\t<meta property=\"og:image:width\" content=\"1200\" \/>\n\t<meta property=\"og:image:height\" content=\"628\" \/>\n\t<meta property=\"og:image:type\" content=\"image\/png\" \/>\n<meta name=\"twitter:card\" content=\"summary_large_image\" \/>\n<script type=\"application\/ld+json\" class=\"yoast-schema-graph\">{\"@context\":\"https:\\\/\\\/schema.org\",\"@graph\":[{\"@type\":\"WebPage\",\"@id\":\"https:\\\/\\\/weighstation.eu\\\/event\\\/chi-ce-ce-meets-idm-film-jour-fixe-2\\\/\",\"url\":\"https:\\\/\\\/weighstation.eu\\\/event\\\/chi-ce-ce-meets-idm-film-jour-fixe-2\\\/\",\"name\":\"CHI C\u2019\u00c9 C\u2019\u00c9! meets IDM FILM JOUR FIXE - Weigh Station\",\"isPartOf\":{\"@id\":\"https:\\\/\\\/weighstation.eu\\\/#website\"},\"datePublished\":\"2023-12-04T09:06:41+00:00\",\"dateModified\":\"2023-12-04T11:28:26+00:00\",\"breadcrumb\":{\"@id\":\"https:\\\/\\\/weighstation.eu\\\/event\\\/chi-ce-ce-meets-idm-film-jour-fixe-2\\\/#breadcrumb\"},\"inLanguage\":\"de\",\"potentialAction\":[{\"@type\":\"ReadAction\",\"target\":[\"https:\\\/\\\/weighstation.eu\\\/event\\\/chi-ce-ce-meets-idm-film-jour-fixe-2\\\/\"]}]},{\"@type\":\"BreadcrumbList\",\"@id\":\"https:\\\/\\\/weighstation.eu\\\/event\\\/chi-ce-ce-meets-idm-film-jour-fixe-2\\\/#breadcrumb\",\"itemListElement\":[{\"@type\":\"ListItem\",\"position\":1,\"name\":\"Home\",\"item\":\"https:\\\/\\\/weighstation.eu\\\/\"},{\"@type\":\"ListItem\",\"position\":2,\"name\":\"CHI C\u2019\u00c9 C\u2019\u00c9! meets IDM FILM JOUR FIXE\"}]},{\"@type\":\"WebSite\",\"@id\":\"https:\\\/\\\/weighstation.eu\\\/#website\",\"url\":\"https:\\\/\\\/weighstation.eu\\\/\",\"name\":\"Weigh Station\",\"description\":\"Tutti gli appuntamenti di Weigh Station da non perdere, ci vediamo a Casa della Pesa \u2013 suona il campanello, siamo al secondo piano \u2013 oppure online.\",\"publisher\":{\"@id\":\"https:\\\/\\\/weighstation.eu\\\/#organization\"},\"potentialAction\":[{\"@type\":\"SearchAction\",\"target\":{\"@type\":\"EntryPoint\",\"urlTemplate\":\"https:\\\/\\\/weighstation.eu\\\/?s={search_term_string}\"},\"query-input\":{\"@type\":\"PropertyValueSpecification\",\"valueRequired\":true,\"valueName\":\"search_term_string\"}}],\"inLanguage\":\"de\"},{\"@type\":\"Organization\",\"@id\":\"https:\\\/\\\/weighstation.eu\\\/#organization\",\"name\":\"Weigh Station\",\"alternateName\":\"Weigh Station ETS\",\"url\":\"https:\\\/\\\/weighstation.eu\\\/\",\"logo\":{\"@type\":\"ImageObject\",\"inLanguage\":\"de\",\"@id\":\"https:\\\/\\\/weighstation.eu\\\/#\\\/schema\\\/logo\\\/image\\\/\",\"url\":\"https:\\\/\\\/weighstation.eu\\\/wp-content\\\/uploads\\\/2025\\\/01\\\/WS-LogoOrganizzazione.png\",\"contentUrl\":\"https:\\\/\\\/weighstation.eu\\\/wp-content\\\/uploads\\\/2025\\\/01\\\/WS-LogoOrganizzazione.png\",\"width\":1200,\"height\":1200,\"caption\":\"Weigh Station\"},\"image\":{\"@id\":\"https:\\\/\\\/weighstation.eu\\\/#\\\/schema\\\/logo\\\/image\\\/\"},\"sameAs\":[\"https:\\\/\\\/www.facebook.com\\\/weighstationbz\",\"https:\\\/\\\/www.instagram.com\\\/weigh_station\\\/\"]}]}<\/script>\n<!-- \/ Yoast SEO plugin. -->","yoast_head_json":{"title":"CHI C\u2019\u00c9 C\u2019\u00c9! meets IDM FILM JOUR FIXE - Weigh Station","robots":{"index":"index","follow":"follow","max-snippet":"max-snippet:-1","max-image-preview":"max-image-preview:large","max-video-preview":"max-video-preview:-1"},"canonical":"https:\/\/weighstation.eu\/event\/chi-ce-ce-meets-idm-film-jour-fixe-2\/","og_locale":"de_DE","og_type":"article","og_title":"CHI C\u2019\u00c9 C\u2019\u00c9! meets IDM FILM JOUR FIXE - Weigh Station","og_url":"https:\/\/weighstation.eu\/event\/chi-ce-ce-meets-idm-film-jour-fixe-2\/","og_site_name":"Weigh Station","article_publisher":"https:\/\/www.facebook.com\/weighstationbz","article_modified_time":"2023-12-04T11:28:26+00:00","og_image":[{"width":1200,"height":628,"url":"https:\/\/weighstation.eu\/wp-content\/uploads\/2025\/01\/Tavola_disegno_1.png","type":"image\/png"}],"twitter_card":"summary_large_image","schema":{"@context":"https:\/\/schema.org","@graph":[{"@type":"WebPage","@id":"https:\/\/weighstation.eu\/event\/chi-ce-ce-meets-idm-film-jour-fixe-2\/","url":"https:\/\/weighstation.eu\/event\/chi-ce-ce-meets-idm-film-jour-fixe-2\/","name":"CHI C\u2019\u00c9 C\u2019\u00c9! meets IDM FILM JOUR FIXE - Weigh Station","isPartOf":{"@id":"https:\/\/weighstation.eu\/#website"},"datePublished":"2023-12-04T09:06:41+00:00","dateModified":"2023-12-04T11:28:26+00:00","breadcrumb":{"@id":"https:\/\/weighstation.eu\/event\/chi-ce-ce-meets-idm-film-jour-fixe-2\/#breadcrumb"},"inLanguage":"de","potentialAction":[{"@type":"ReadAction","target":["https:\/\/weighstation.eu\/event\/chi-ce-ce-meets-idm-film-jour-fixe-2\/"]}]},{"@type":"BreadcrumbList","@id":"https:\/\/weighstation.eu\/event\/chi-ce-ce-meets-idm-film-jour-fixe-2\/#breadcrumb","itemListElement":[{"@type":"ListItem","position":1,"name":"Home","item":"https:\/\/weighstation.eu\/"},{"@type":"ListItem","position":2,"name":"CHI C\u2019\u00c9 C\u2019\u00c9! meets IDM FILM JOUR FIXE"}]},{"@type":"WebSite","@id":"https:\/\/weighstation.eu\/#website","url":"https:\/\/weighstation.eu\/","name":"Weigh Station","description":"Tutti gli appuntamenti di Weigh Station da non perdere, ci vediamo a Casa della Pesa \u2013 suona il campanello, siamo al secondo piano \u2013 oppure online.","publisher":{"@id":"https:\/\/weighstation.eu\/#organization"},"potentialAction":[{"@type":"SearchAction","target":{"@type":"EntryPoint","urlTemplate":"https:\/\/weighstation.eu\/?s={search_term_string}"},"query-input":{"@type":"PropertyValueSpecification","valueRequired":true,"valueName":"search_term_string"}}],"inLanguage":"de"},{"@type":"Organization","@id":"https:\/\/weighstation.eu\/#organization","name":"Weigh Station","alternateName":"Weigh Station ETS","url":"https:\/\/weighstation.eu\/","logo":{"@type":"ImageObject","inLanguage":"de","@id":"https:\/\/weighstation.eu\/#\/schema\/logo\/image\/","url":"https:\/\/weighstation.eu\/wp-content\/uploads\/2025\/01\/WS-LogoOrganizzazione.png","contentUrl":"https:\/\/weighstation.eu\/wp-content\/uploads\/2025\/01\/WS-LogoOrganizzazione.png","width":1200,"height":1200,"caption":"Weigh Station"},"image":{"@id":"https:\/\/weighstation.eu\/#\/schema\/logo\/image\/"},"sameAs":["https:\/\/www.facebook.com\/weighstationbz","https:\/\/www.instagram.com\/weigh_station\/"]}]}},"acf":{"type":{"external":false},"agenda":{"project":{"id":10,"date":"2021-02-10T16:23:45","date_gmt":"2021-02-10T16:23:45","guid":{"rendered":"http:\/\/wp.ws.test\/?post_type=project&#038;p=10"},"modified":"2025-02-24T13:53:24","modified_gmt":"2025-02-24T13:53:24","slug":"chi-ce-ce","status":"publish","type":"project","link":"https:\/\/weighstation.eu\/de\/project\/chi-ce-ce\/","title":{"rendered":"Chi c\u2019\u00e8 c\u2019\u00e8"},"content":{"rendered":"","protected":false},"featured_media":0,"template":"","class_list":["post-10","project","type-project","status-publish","hentry"],"yoast_head":"<!-- This site is optimized with the Yoast SEO plugin v27.5 - https:\/\/yoast.com\/product\/yoast-seo-wordpress\/ -->\n<title>Chi c\u2019\u00e8 c\u2019\u00e8 - Weigh Station<\/title>\n<meta name=\"robots\" content=\"index, follow, max-snippet:-1, max-image-preview:large, max-video-preview:-1\" \/>\n<link rel=\"canonical\" href=\"https:\/\/weighstation.eu\/project\/chi-ce-ce\/\" \/>\n<meta property=\"og:locale\" content=\"de_DE\" \/>\n<meta property=\"og:type\" content=\"article\" \/>\n<meta property=\"og:title\" content=\"Chi c\u2019\u00e8 c\u2019\u00e8 - Weigh Station\" \/>\n<meta property=\"og:url\" content=\"https:\/\/weighstation.eu\/project\/chi-ce-ce\/\" \/>\n<meta property=\"og:site_name\" content=\"Weigh Station\" \/>\n<meta property=\"article:publisher\" content=\"https:\/\/www.facebook.com\/weighstationbz\" \/>\n<meta property=\"article:modified_time\" content=\"2025-02-24T13:53:24+00:00\" \/>\n<meta property=\"og:image\" content=\"https:\/\/weighstation.eu\/wp-content\/uploads\/2025\/01\/Tavola_disegno_1.png\" \/>\n\t<meta property=\"og:image:width\" content=\"1200\" \/>\n\t<meta property=\"og:image:height\" content=\"628\" \/>\n\t<meta property=\"og:image:type\" content=\"image\/png\" \/>\n<meta name=\"twitter:card\" content=\"summary_large_image\" \/>\n<script type=\"application\/ld+json\" class=\"yoast-schema-graph\">{\"@context\":\"https:\\\/\\\/schema.org\",\"@graph\":[{\"@type\":\"WebPage\",\"@id\":\"https:\\\/\\\/weighstation.eu\\\/project\\\/chi-ce-ce\\\/\",\"url\":\"https:\\\/\\\/weighstation.eu\\\/project\\\/chi-ce-ce\\\/\",\"name\":\"Chi c\u2019\u00e8 c\u2019\u00e8 - Weigh Station\",\"isPartOf\":{\"@id\":\"https:\\\/\\\/weighstation.eu\\\/#website\"},\"datePublished\":\"2021-02-10T16:23:45+00:00\",\"dateModified\":\"2025-02-24T13:53:24+00:00\",\"breadcrumb\":{\"@id\":\"https:\\\/\\\/weighstation.eu\\\/project\\\/chi-ce-ce\\\/#breadcrumb\"},\"inLanguage\":\"de\",\"potentialAction\":[{\"@type\":\"ReadAction\",\"target\":[\"https:\\\/\\\/weighstation.eu\\\/project\\\/chi-ce-ce\\\/\"]}]},{\"@type\":\"BreadcrumbList\",\"@id\":\"https:\\\/\\\/weighstation.eu\\\/project\\\/chi-ce-ce\\\/#breadcrumb\",\"itemListElement\":[{\"@type\":\"ListItem\",\"position\":1,\"name\":\"Home\",\"item\":\"https:\\\/\\\/weighstation.eu\\\/\"},{\"@type\":\"ListItem\",\"position\":2,\"name\":\"Chi c\u2019\u00e8 c\u2019\u00e8\"}]},{\"@type\":\"WebSite\",\"@id\":\"https:\\\/\\\/weighstation.eu\\\/#website\",\"url\":\"https:\\\/\\\/weighstation.eu\\\/\",\"name\":\"Weigh Station\",\"description\":\"Tutti gli appuntamenti di Weigh Station da non perdere, ci vediamo a Casa della Pesa \u2013 suona il campanello, siamo al secondo piano \u2013 oppure online.\",\"publisher\":{\"@id\":\"https:\\\/\\\/weighstation.eu\\\/#organization\"},\"potentialAction\":[{\"@type\":\"SearchAction\",\"target\":{\"@type\":\"EntryPoint\",\"urlTemplate\":\"https:\\\/\\\/weighstation.eu\\\/?s={search_term_string}\"},\"query-input\":{\"@type\":\"PropertyValueSpecification\",\"valueRequired\":true,\"valueName\":\"search_term_string\"}}],\"inLanguage\":\"de\"},{\"@type\":\"Organization\",\"@id\":\"https:\\\/\\\/weighstation.eu\\\/#organization\",\"name\":\"Weigh Station\",\"alternateName\":\"Weigh Station ETS\",\"url\":\"https:\\\/\\\/weighstation.eu\\\/\",\"logo\":{\"@type\":\"ImageObject\",\"inLanguage\":\"de\",\"@id\":\"https:\\\/\\\/weighstation.eu\\\/#\\\/schema\\\/logo\\\/image\\\/\",\"url\":\"https:\\\/\\\/weighstation.eu\\\/wp-content\\\/uploads\\\/2025\\\/01\\\/WS-LogoOrganizzazione.png\",\"contentUrl\":\"https:\\\/\\\/weighstation.eu\\\/wp-content\\\/uploads\\\/2025\\\/01\\\/WS-LogoOrganizzazione.png\",\"width\":1200,\"height\":1200,\"caption\":\"Weigh Station\"},\"image\":{\"@id\":\"https:\\\/\\\/weighstation.eu\\\/#\\\/schema\\\/logo\\\/image\\\/\"},\"sameAs\":[\"https:\\\/\\\/www.facebook.com\\\/weighstationbz\",\"https:\\\/\\\/www.instagram.com\\\/weigh_station\\\/\"]}]}<\/script>\n<!-- \/ Yoast SEO plugin. -->","yoast_head_json":{"title":"Chi c\u2019\u00e8 c\u2019\u00e8 - Weigh Station","robots":{"index":"index","follow":"follow","max-snippet":"max-snippet:-1","max-image-preview":"max-image-preview:large","max-video-preview":"max-video-preview:-1"},"canonical":"https:\/\/weighstation.eu\/project\/chi-ce-ce\/","og_locale":"de_DE","og_type":"article","og_title":"Chi c\u2019\u00e8 c\u2019\u00e8 - Weigh Station","og_url":"https:\/\/weighstation.eu\/project\/chi-ce-ce\/","og_site_name":"Weigh Station","article_publisher":"https:\/\/www.facebook.com\/weighstationbz","article_modified_time":"2025-02-24T13:53:24+00:00","og_image":[{"width":1200,"height":628,"url":"https:\/\/weighstation.eu\/wp-content\/uploads\/2025\/01\/Tavola_disegno_1.png","type":"image\/png"}],"twitter_card":"summary_large_image","schema":{"@context":"https:\/\/schema.org","@graph":[{"@type":"WebPage","@id":"https:\/\/weighstation.eu\/project\/chi-ce-ce\/","url":"https:\/\/weighstation.eu\/project\/chi-ce-ce\/","name":"Chi c\u2019\u00e8 c\u2019\u00e8 - Weigh Station","isPartOf":{"@id":"https:\/\/weighstation.eu\/#website"},"datePublished":"2021-02-10T16:23:45+00:00","dateModified":"2025-02-24T13:53:24+00:00","breadcrumb":{"@id":"https:\/\/weighstation.eu\/project\/chi-ce-ce\/#breadcrumb"},"inLanguage":"de","potentialAction":[{"@type":"ReadAction","target":["https:\/\/weighstation.eu\/project\/chi-ce-ce\/"]}]},{"@type":"BreadcrumbList","@id":"https:\/\/weighstation.eu\/project\/chi-ce-ce\/#breadcrumb","itemListElement":[{"@type":"ListItem","position":1,"name":"Home","item":"https:\/\/weighstation.eu\/"},{"@type":"ListItem","position":2,"name":"Chi c\u2019\u00e8 c\u2019\u00e8"}]},{"@type":"WebSite","@id":"https:\/\/weighstation.eu\/#website","url":"https:\/\/weighstation.eu\/","name":"Weigh Station","description":"Tutti gli appuntamenti di Weigh Station da non perdere, ci vediamo a Casa della Pesa \u2013 suona il campanello, siamo al secondo piano \u2013 oppure online.","publisher":{"@id":"https:\/\/weighstation.eu\/#organization"},"potentialAction":[{"@type":"SearchAction","target":{"@type":"EntryPoint","urlTemplate":"https:\/\/weighstation.eu\/?s={search_term_string}"},"query-input":{"@type":"PropertyValueSpecification","valueRequired":true,"valueName":"search_term_string"}}],"inLanguage":"de"},{"@type":"Organization","@id":"https:\/\/weighstation.eu\/#organization","name":"Weigh Station","alternateName":"Weigh Station ETS","url":"https:\/\/weighstation.eu\/","logo":{"@type":"ImageObject","inLanguage":"de","@id":"https:\/\/weighstation.eu\/#\/schema\/logo\/image\/","url":"https:\/\/weighstation.eu\/wp-content\/uploads\/2025\/01\/WS-LogoOrganizzazione.png","contentUrl":"https:\/\/weighstation.eu\/wp-content\/uploads\/2025\/01\/WS-LogoOrganizzazione.png","width":1200,"height":1200,"caption":"Weigh Station"},"image":{"@id":"https:\/\/weighstation.eu\/#\/schema\/logo\/image\/"},"sameAs":["https:\/\/www.facebook.com\/weighstationbz","https:\/\/www.instagram.com\/weigh_station\/"]}]}},"acf":{"hero":{"image":{"ID":518,"id":518,"title":"Progetto-chi_c'e_c'e-Cani","filename":"Progetto-chi_ce_ce-Cani.jpg","filesize":711704,"url":"https:\/\/weighstation.eu\/wp-content\/uploads\/2021\/02\/Progetto-chi_ce_ce-Cani.jpg","link":"https:\/\/weighstation.eu\/de\/project\/chi-ce-ce\/progetto-chi_ce_ce-cani\/","alt":"","author":"1","description":"","caption":"","name":"progetto-chi_ce_ce-cani","status":"inherit","uploaded_to":10,"date":"2021-03-29 12:49:45","modified":"2021-03-29 12:49:45","menu_order":0,"mime_type":"image\/jpeg","type":"image","subtype":"jpeg","icon":"https:\/\/weighstation.eu\/wp-includes\/images\/media\/default.png","width":1536,"height":1020,"sizes":{"thumbnail":"https:\/\/weighstation.eu\/wp-content\/uploads\/2021\/02\/Progetto-chi_ce_ce-Cani-150x150.jpg","thumbnail-width":150,"thumbnail-height":150,"medium":"https:\/\/weighstation.eu\/wp-content\/uploads\/2021\/02\/Progetto-chi_ce_ce-Cani-300x199.jpg","medium-width":300,"medium-height":199,"medium_large":"https:\/\/weighstation.eu\/wp-content\/uploads\/2021\/02\/Progetto-chi_ce_ce-Cani-768x510.jpg","medium_large-width":768,"medium_large-height":510,"large":"https:\/\/weighstation.eu\/wp-content\/uploads\/2021\/02\/Progetto-chi_ce_ce-Cani-1024x680.jpg","large-width":1024,"large-height":680,"1536x1536":"https:\/\/weighstation.eu\/wp-content\/uploads\/2021\/02\/Progetto-chi_ce_ce-Cani.jpg","1536x1536-width":1536,"1536x1536-height":1020,"2048x2048":"https:\/\/weighstation.eu\/wp-content\/uploads\/2021\/02\/Progetto-chi_ce_ce-Cani.jpg","2048x2048-width":1536,"2048x2048-height":1020}}},"content":{"description":"<p>CHI C\u2019\u00c8 C\u2019\u00c8 sind kleinere und gr\u00f6\u00dfere Anl\u00e4sse, um sich zu treffen und zu reden, zu singen, sich auszutauschen, zu tanzen, zu beobachten, sich an einer Show oder einer Performance zu erfreuen. Die Events stehen all jenen offen, die auf unserer Couch im zweiten Stock des Waaghauses Platz nehmen m\u00f6chten.<\/p>\n","body":""},"info":{"color":"green"},"blocks":false,"agenda":{"use_filter":true}}},"typology":{"term_id":39,"name":"talk","slug":"talk","term_group":0,"term_taxonomy_id":39,"taxonomy":"typology","description":"","parent":0,"count":4,"filter":"raw","i18n_config":{"name":{"ts":{"it":"talk"}}}},"consultant":"error","schedule":{"type":"occurrences","occurrences":[{"date":"2023-12-13","start":"18:30","end":""}],"period":{"start":null,"end":null}}},"info":{"image":{"ID":3423,"id":3423,"title":"Website-Archive-IDMFilmJourFixe","filename":"Website-Archive-IDMFilmJourFixe.jpg","filesize":183783,"url":"https:\/\/weighstation.eu\/wp-content\/uploads\/2023\/12\/Website-Archive-IDMFilmJourFixe.jpg","link":"https:\/\/weighstation.eu\/de\/event\/chi-ce-ce-meets-idm-film-jour-fixe-2\/website-archive-idmfilmjourfixe-2\/","alt":"","author":"2","description":"","caption":"","name":"website-archive-idmfilmjourfixe-2","status":"inherit","uploaded_to":3421,"date":"2023-12-04 08:58:49","modified":"2023-12-04 08:58:49","menu_order":0,"mime_type":"image\/jpeg","type":"image","subtype":"jpeg","icon":"https:\/\/weighstation.eu\/wp-includes\/images\/media\/default.png","width":1513,"height":1008,"sizes":{"thumbnail":"https:\/\/weighstation.eu\/wp-content\/uploads\/2023\/12\/Website-Archive-IDMFilmJourFixe.jpg","thumbnail-width":150,"thumbnail-height":100,"medium":"https:\/\/weighstation.eu\/wp-content\/uploads\/2023\/12\/Website-Archive-IDMFilmJourFixe.jpg","medium-width":300,"medium-height":200,"medium_large":"https:\/\/weighstation.eu\/wp-content\/uploads\/2023\/12\/Website-Archive-IDMFilmJourFixe.jpg","medium_large-width":768,"medium_large-height":512,"large":"https:\/\/weighstation.eu\/wp-content\/uploads\/2023\/12\/Website-Archive-IDMFilmJourFixe.jpg","large-width":1024,"large-height":682,"1536x1536":"https:\/\/weighstation.eu\/wp-content\/uploads\/2023\/12\/Website-Archive-IDMFilmJourFixe.jpg","1536x1536-width":1513,"1536x1536-height":1008,"2048x2048":"https:\/\/weighstation.eu\/wp-content\/uploads\/2023\/12\/Website-Archive-IDMFilmJourFixe.jpg","2048x2048-width":1513,"2048x2048-height":1008}},"title":"CHI C\u2019\u00c9 C\u2019\u00c9! meets IDM FILM JOUR FIXE","subtitle":"in collaboration with IDM Film Fund & Commission + Perfas","keyword":false},"content":{"image":{"ID":3422,"id":3422,"title":"Facebook-Cover-IDMFilmJourFixe","filename":"Facebook-Cover-IDMFilmJourFixe.jpg","filesize":904594,"url":"https:\/\/weighstation.eu\/wp-content\/uploads\/2023\/12\/Facebook-Cover-IDMFilmJourFixe.jpg","link":"https:\/\/weighstation.eu\/de\/event\/chi-ce-ce-meets-idm-film-jour-fixe-2\/facebook-cover-idmfilmjourfixe-2\/","alt":"","author":"2","description":"","caption":"","name":"facebook-cover-idmfilmjourfixe-2","status":"inherit","uploaded_to":3421,"date":"2023-12-04 08:58:40","modified":"2023-12-04 08:58:40","menu_order":0,"mime_type":"image\/jpeg","type":"image","subtype":"jpeg","icon":"https:\/\/weighstation.eu\/wp-includes\/images\/media\/default.png","width":4000,"height":2094,"sizes":{"thumbnail":"https:\/\/weighstation.eu\/wp-content\/uploads\/2023\/12\/Facebook-Cover-IDMFilmJourFixe.jpg","thumbnail-width":150,"thumbnail-height":79,"medium":"https:\/\/weighstation.eu\/wp-content\/uploads\/2023\/12\/Facebook-Cover-IDMFilmJourFixe.jpg","medium-width":300,"medium-height":157,"medium_large":"https:\/\/weighstation.eu\/wp-content\/uploads\/2023\/12\/Facebook-Cover-IDMFilmJourFixe.jpg","medium_large-width":768,"medium_large-height":402,"large":"https:\/\/weighstation.eu\/wp-content\/uploads\/2023\/12\/Facebook-Cover-IDMFilmJourFixe.jpg","large-width":1024,"large-height":536,"1536x1536":"https:\/\/weighstation.eu\/wp-content\/uploads\/2023\/12\/Facebook-Cover-IDMFilmJourFixe.jpg","1536x1536-width":1536,"1536x1536-height":804,"2048x2048":"https:\/\/weighstation.eu\/wp-content\/uploads\/2023\/12\/Facebook-Cover-IDMFilmJourFixe.jpg","2048x2048-width":2048,"2048x2048-height":1072}},"body":"<p><strong>In Kooperation mit der Veranstaltung CHI C&#8217;\u00c9 C\u2018\u00c8! von Weigh Station und der Teilnahme der PERFAS S\u00fcdtirol findet der letzte IDM Film Jour Fixe des Jahres statt.<\/strong><\/p>\n<p><strong>Urheberrecht ist der Themenschwerpunkt des Abends: Wie kann man sich sch\u00fctzen? Welche sind bew\u00e4hrte Praktiken, die im audiovisuellen Sektor anzuwenden sind?<\/strong><\/p>\n<p>Gast des Abends ist <strong>Andrea Marco Ricci<\/strong>, Fachanwalt f\u00fcr Urheber- und Unterhaltungsrecht sowie Mitglied des Beirats von Nuovo IMAIE, einer von K\u00fcnstler\/-innen gegr\u00fcndeten Organisation, die sich f\u00fcr den Schutz der Rechte im Zusammenhang mit der Vermarktung von audiovisuellen und musikalischen Werken einsetzt, die \u00fcber Radio, Fernsehen, Internet und \u00f6ffentliche Einrichtungen ausgestrahlt werden. Durch das <strong>Gespr\u00e4ch f\u00fchrt Thomas Ober Maniacco<\/strong>, Musiker und Gesch\u00e4ftsf\u00fchrer von PERFAS-Performing Artists South Tyrol.<\/p>\n<p>Das Gespr\u00e4ch ist f\u00fcr alle interessierten K\u00fcnstler\/-innen, Musiker\/-innen, Produzent\/-innen und Filmemacher\/-innen offen.<br \/>\n<strong>Im Anschluss an die Veranstaltung k\u00f6nnen die G\u00e4ste das Gespr\u00e4ch bei einem Aperitif fortsetzen &#8211; eine gute Gelegenheit, um vor den Weihnachtsferien noch einmal gemeinsam anzusto\u00dfen!<\/strong><\/p>\n<p>ANDREA MARCO RICCI \u2013 BIO<br \/>\nEr schloss sein Studium der Rechtswissenschaften an der Alma Mater Studiorum der Universit\u00e4t Bologna mit Auszeichnung ab. Er ist Autor und Herausgeber zahlreicher wissenschaftlicher und popul\u00e4rer Beitr\u00e4ge zu den Themen geistiges Eigentum, Digital Rights Management und Recht der neuen Technologien und hat zu diesen Themen als Referent und Dozent an Konferenzen, Graduierten- und Postgraduiertenprogrammen teilgenommen.<br \/>\nAls Rechtsanwalt \u00fcbt er eine intensive Lehr- und Beratungst\u00e4tigkeit im Bereich des Urheber- und Unterhaltungsrechts aus und hat mit mehreren Rechts- und Musikzeitschriften zusammengearbeitet. Er war Mitglied des Ausschusses f\u00fcr die Revision des SIAE-Statuts und -Reglements (2007-2011) und des Beratenden Ausschusses f\u00fcr die Unterst\u00fctzung und Kontrolle des neuen IMAIE (2011-2013), dessen Gr\u00fcndung er mitgetragen hat und dem er seit 2013 als Vorstandsmitglied angeh\u00f6rt.<\/p>\n<p>THOMAS OBER MANIACCO \u2013 BIO<br \/>\nEr arbeitet seit 2013 als Musiker, ist professioneller Trompeter, S\u00e4nger, Songwriter und Arrangeur\/Produzent.<br \/>\nSeit 2013 ist er in der Pop-Folk-Band &#8220;Color Colectif&#8221; aktiv, seit 2014 ist er Mitglied der Big Band &#8220;Shanti Powa&#8221; und seit 2022 verfolgt er ein Soloprojekt mit Schwerpunkt Dub\/Soundsystem-Musik: &#8220;Athomos&#8221;. Seit Mai 2022 ist er verantwortlich f\u00fcr die SIAE\/INPS-Informationsstelle (ex-ENPALS) innerhalb des S\u00fcdtiroler Bildungszentrums in Bozen (Fachbereich Urheberrecht) und seit Februar 2023 ist er Generaldirektor von PERFAS.<\/p>\n<p>Wann: Mittwoch, 13. Dezember 2023, 18:30Uhr<br \/>\nWo: Waaghaus Bozen, Waag+2<br \/>\nSprache: Italienisch mit Moderation in Italienisch und Deutsch<br \/>\nEintritt: frei, keine Anmeldung erforderlich<\/p>\n","credits":""},"blocks":false},"_links":{"self":[{"href":"https:\/\/weighstation.eu\/de\/wp-json\/wp\/v2\/event\/3421","targetHints":{"allow":["GET"]}}],"collection":[{"href":"https:\/\/weighstation.eu\/de\/wp-json\/wp\/v2\/event"}],"about":[{"href":"https:\/\/weighstation.eu\/de\/wp-json\/wp\/v2\/types\/event"}],"wp:attachment":[{"href":"https:\/\/weighstation.eu\/de\/wp-json\/wp\/v2\/media?parent=3421"}],"wp:term":[{"taxonomy":"typology","embeddable":true,"href":"https:\/\/weighstation.eu\/de\/wp-json\/wp\/v2\/typology?post=3421"},{"taxonomy":"keyword","embeddable":true,"href":"https:\/\/weighstation.eu\/de\/wp-json\/wp\/v2\/keyword?post=3421"}],"curies":[{"name":"wp","href":"https:\/\/api.w.org\/{rel}","templated":true}]}}