{"id":3421,"date":"2023-12-04T09:06:41","date_gmt":"2023-12-04T09:06:41","guid":{"rendered":"https:\/\/weighstation.eu\/?post_type=event&#038;p=3421"},"modified":"2023-12-04T11:28:26","modified_gmt":"2023-12-04T11:28:26","slug":"chi-ce-ce-meets-idm-film-jour-fixe-2","status":"publish","type":"event","link":"https:\/\/weighstation.eu\/it\/event\/chi-ce-ce-meets-idm-film-jour-fixe-2\/","title":{"rendered":"CHI C\u2019\u00c9 C\u2019\u00c9! meets IDM FILM JOUR FIXE"},"content":{"rendered":"","protected":false},"featured_media":0,"template":"","typology":[39],"keyword":[],"class_list":["post-3421","event","type-event","status-publish","hentry","typology-talk"],"yoast_head":"<!-- This site is optimized with the Yoast SEO plugin v27.5 - https:\/\/yoast.com\/product\/yoast-seo-wordpress\/ -->\n<title>CHI C\u2019\u00c9 C\u2019\u00c9! meets IDM FILM JOUR FIXE - Weigh Station<\/title>\n<meta name=\"robots\" content=\"index, follow, max-snippet:-1, max-image-preview:large, max-video-preview:-1\" \/>\n<link rel=\"canonical\" href=\"https:\/\/weighstation.eu\/event\/chi-ce-ce-meets-idm-film-jour-fixe-2\/\" \/>\n<meta property=\"og:locale\" content=\"it_IT\" \/>\n<meta property=\"og:type\" content=\"article\" \/>\n<meta property=\"og:title\" content=\"CHI C\u2019\u00c9 C\u2019\u00c9! meets IDM FILM JOUR FIXE - Weigh Station\" \/>\n<meta property=\"og:url\" content=\"https:\/\/weighstation.eu\/event\/chi-ce-ce-meets-idm-film-jour-fixe-2\/\" \/>\n<meta property=\"og:site_name\" content=\"Weigh Station\" \/>\n<meta property=\"article:publisher\" content=\"https:\/\/www.facebook.com\/weighstationbz\" \/>\n<meta property=\"article:modified_time\" content=\"2023-12-04T11:28:26+00:00\" \/>\n<meta property=\"og:image\" content=\"https:\/\/weighstation.eu\/wp-content\/uploads\/2025\/01\/Tavola_disegno_1.png\" \/>\n\t<meta property=\"og:image:width\" content=\"1200\" \/>\n\t<meta property=\"og:image:height\" content=\"628\" \/>\n\t<meta property=\"og:image:type\" content=\"image\/png\" \/>\n<meta name=\"twitter:card\" content=\"summary_large_image\" \/>\n<script type=\"application\/ld+json\" class=\"yoast-schema-graph\">{\"@context\":\"https:\\\/\\\/schema.org\",\"@graph\":[{\"@type\":\"WebPage\",\"@id\":\"https:\\\/\\\/weighstation.eu\\\/event\\\/chi-ce-ce-meets-idm-film-jour-fixe-2\\\/\",\"url\":\"https:\\\/\\\/weighstation.eu\\\/event\\\/chi-ce-ce-meets-idm-film-jour-fixe-2\\\/\",\"name\":\"CHI C\u2019\u00c9 C\u2019\u00c9! meets IDM FILM JOUR FIXE - Weigh Station\",\"isPartOf\":{\"@id\":\"https:\\\/\\\/weighstation.eu\\\/#website\"},\"datePublished\":\"2023-12-04T09:06:41+00:00\",\"dateModified\":\"2023-12-04T11:28:26+00:00\",\"breadcrumb\":{\"@id\":\"https:\\\/\\\/weighstation.eu\\\/event\\\/chi-ce-ce-meets-idm-film-jour-fixe-2\\\/#breadcrumb\"},\"inLanguage\":\"it-IT\",\"potentialAction\":[{\"@type\":\"ReadAction\",\"target\":[\"https:\\\/\\\/weighstation.eu\\\/event\\\/chi-ce-ce-meets-idm-film-jour-fixe-2\\\/\"]}]},{\"@type\":\"BreadcrumbList\",\"@id\":\"https:\\\/\\\/weighstation.eu\\\/event\\\/chi-ce-ce-meets-idm-film-jour-fixe-2\\\/#breadcrumb\",\"itemListElement\":[{\"@type\":\"ListItem\",\"position\":1,\"name\":\"Home\",\"item\":\"https:\\\/\\\/weighstation.eu\\\/\"},{\"@type\":\"ListItem\",\"position\":2,\"name\":\"CHI C\u2019\u00c9 C\u2019\u00c9! meets IDM FILM JOUR FIXE\"}]},{\"@type\":\"WebSite\",\"@id\":\"https:\\\/\\\/weighstation.eu\\\/#website\",\"url\":\"https:\\\/\\\/weighstation.eu\\\/\",\"name\":\"Weigh Station\",\"description\":\"Tutti gli appuntamenti di Weigh Station da non perdere, ci vediamo a Casa della Pesa \u2013 suona il campanello, siamo al secondo piano \u2013 oppure online.\",\"publisher\":{\"@id\":\"https:\\\/\\\/weighstation.eu\\\/#organization\"},\"potentialAction\":[{\"@type\":\"SearchAction\",\"target\":{\"@type\":\"EntryPoint\",\"urlTemplate\":\"https:\\\/\\\/weighstation.eu\\\/?s={search_term_string}\"},\"query-input\":{\"@type\":\"PropertyValueSpecification\",\"valueRequired\":true,\"valueName\":\"search_term_string\"}}],\"inLanguage\":\"it-IT\"},{\"@type\":\"Organization\",\"@id\":\"https:\\\/\\\/weighstation.eu\\\/#organization\",\"name\":\"Weigh Station\",\"alternateName\":\"Weigh Station ETS\",\"url\":\"https:\\\/\\\/weighstation.eu\\\/\",\"logo\":{\"@type\":\"ImageObject\",\"inLanguage\":\"it-IT\",\"@id\":\"https:\\\/\\\/weighstation.eu\\\/#\\\/schema\\\/logo\\\/image\\\/\",\"url\":\"https:\\\/\\\/weighstation.eu\\\/wp-content\\\/uploads\\\/2025\\\/01\\\/WS-LogoOrganizzazione.png\",\"contentUrl\":\"https:\\\/\\\/weighstation.eu\\\/wp-content\\\/uploads\\\/2025\\\/01\\\/WS-LogoOrganizzazione.png\",\"width\":1200,\"height\":1200,\"caption\":\"Weigh Station\"},\"image\":{\"@id\":\"https:\\\/\\\/weighstation.eu\\\/#\\\/schema\\\/logo\\\/image\\\/\"},\"sameAs\":[\"https:\\\/\\\/www.facebook.com\\\/weighstationbz\",\"https:\\\/\\\/www.instagram.com\\\/weigh_station\\\/\"]}]}<\/script>\n<!-- \/ Yoast SEO plugin. -->","yoast_head_json":{"title":"CHI C\u2019\u00c9 C\u2019\u00c9! meets IDM FILM JOUR FIXE - Weigh Station","robots":{"index":"index","follow":"follow","max-snippet":"max-snippet:-1","max-image-preview":"max-image-preview:large","max-video-preview":"max-video-preview:-1"},"canonical":"https:\/\/weighstation.eu\/event\/chi-ce-ce-meets-idm-film-jour-fixe-2\/","og_locale":"it_IT","og_type":"article","og_title":"CHI C\u2019\u00c9 C\u2019\u00c9! meets IDM FILM JOUR FIXE - Weigh Station","og_url":"https:\/\/weighstation.eu\/event\/chi-ce-ce-meets-idm-film-jour-fixe-2\/","og_site_name":"Weigh Station","article_publisher":"https:\/\/www.facebook.com\/weighstationbz","article_modified_time":"2023-12-04T11:28:26+00:00","og_image":[{"width":1200,"height":628,"url":"https:\/\/weighstation.eu\/wp-content\/uploads\/2025\/01\/Tavola_disegno_1.png","type":"image\/png"}],"twitter_card":"summary_large_image","schema":{"@context":"https:\/\/schema.org","@graph":[{"@type":"WebPage","@id":"https:\/\/weighstation.eu\/event\/chi-ce-ce-meets-idm-film-jour-fixe-2\/","url":"https:\/\/weighstation.eu\/event\/chi-ce-ce-meets-idm-film-jour-fixe-2\/","name":"CHI C\u2019\u00c9 C\u2019\u00c9! meets IDM FILM JOUR FIXE - Weigh Station","isPartOf":{"@id":"https:\/\/weighstation.eu\/#website"},"datePublished":"2023-12-04T09:06:41+00:00","dateModified":"2023-12-04T11:28:26+00:00","breadcrumb":{"@id":"https:\/\/weighstation.eu\/event\/chi-ce-ce-meets-idm-film-jour-fixe-2\/#breadcrumb"},"inLanguage":"it-IT","potentialAction":[{"@type":"ReadAction","target":["https:\/\/weighstation.eu\/event\/chi-ce-ce-meets-idm-film-jour-fixe-2\/"]}]},{"@type":"BreadcrumbList","@id":"https:\/\/weighstation.eu\/event\/chi-ce-ce-meets-idm-film-jour-fixe-2\/#breadcrumb","itemListElement":[{"@type":"ListItem","position":1,"name":"Home","item":"https:\/\/weighstation.eu\/"},{"@type":"ListItem","position":2,"name":"CHI C\u2019\u00c9 C\u2019\u00c9! meets IDM FILM JOUR FIXE"}]},{"@type":"WebSite","@id":"https:\/\/weighstation.eu\/#website","url":"https:\/\/weighstation.eu\/","name":"Weigh Station","description":"Tutti gli appuntamenti di Weigh Station da non perdere, ci vediamo a Casa della Pesa \u2013 suona il campanello, siamo al secondo piano \u2013 oppure online.","publisher":{"@id":"https:\/\/weighstation.eu\/#organization"},"potentialAction":[{"@type":"SearchAction","target":{"@type":"EntryPoint","urlTemplate":"https:\/\/weighstation.eu\/?s={search_term_string}"},"query-input":{"@type":"PropertyValueSpecification","valueRequired":true,"valueName":"search_term_string"}}],"inLanguage":"it-IT"},{"@type":"Organization","@id":"https:\/\/weighstation.eu\/#organization","name":"Weigh Station","alternateName":"Weigh Station ETS","url":"https:\/\/weighstation.eu\/","logo":{"@type":"ImageObject","inLanguage":"it-IT","@id":"https:\/\/weighstation.eu\/#\/schema\/logo\/image\/","url":"https:\/\/weighstation.eu\/wp-content\/uploads\/2025\/01\/WS-LogoOrganizzazione.png","contentUrl":"https:\/\/weighstation.eu\/wp-content\/uploads\/2025\/01\/WS-LogoOrganizzazione.png","width":1200,"height":1200,"caption":"Weigh Station"},"image":{"@id":"https:\/\/weighstation.eu\/#\/schema\/logo\/image\/"},"sameAs":["https:\/\/www.facebook.com\/weighstationbz","https:\/\/www.instagram.com\/weigh_station\/"]}]}},"acf":{"type":{"external":false},"agenda":{"project":{"id":10,"date":"2021-02-10T16:23:45","date_gmt":"2021-02-10T16:23:45","guid":{"rendered":"http:\/\/wp.ws.test\/?post_type=project&#038;p=10"},"modified":"2025-02-24T13:53:24","modified_gmt":"2025-02-24T13:53:24","slug":"chi-ce-ce","status":"publish","type":"project","link":"https:\/\/weighstation.eu\/it\/project\/chi-ce-ce\/","title":{"rendered":"Chi c\u2019\u00e8 c\u2019\u00e8"},"content":{"rendered":"","protected":false},"featured_media":0,"template":"","class_list":["post-10","project","type-project","status-publish","hentry"],"yoast_head":"<!-- This site is optimized with the Yoast SEO plugin v27.5 - https:\/\/yoast.com\/product\/yoast-seo-wordpress\/ -->\n<title>Chi c\u2019\u00e8 c\u2019\u00e8 - Weigh Station<\/title>\n<meta name=\"robots\" content=\"index, follow, max-snippet:-1, max-image-preview:large, max-video-preview:-1\" \/>\n<link rel=\"canonical\" href=\"https:\/\/weighstation.eu\/project\/chi-ce-ce\/\" \/>\n<meta property=\"og:locale\" content=\"it_IT\" \/>\n<meta property=\"og:type\" content=\"article\" \/>\n<meta property=\"og:title\" content=\"Chi c\u2019\u00e8 c\u2019\u00e8 - Weigh Station\" \/>\n<meta property=\"og:url\" content=\"https:\/\/weighstation.eu\/project\/chi-ce-ce\/\" \/>\n<meta property=\"og:site_name\" content=\"Weigh Station\" \/>\n<meta property=\"article:publisher\" content=\"https:\/\/www.facebook.com\/weighstationbz\" \/>\n<meta property=\"article:modified_time\" content=\"2025-02-24T13:53:24+00:00\" \/>\n<meta property=\"og:image\" content=\"https:\/\/weighstation.eu\/wp-content\/uploads\/2025\/01\/Tavola_disegno_1.png\" \/>\n\t<meta property=\"og:image:width\" content=\"1200\" \/>\n\t<meta property=\"og:image:height\" content=\"628\" \/>\n\t<meta property=\"og:image:type\" content=\"image\/png\" \/>\n<meta name=\"twitter:card\" content=\"summary_large_image\" \/>\n<script type=\"application\/ld+json\" class=\"yoast-schema-graph\">{\"@context\":\"https:\\\/\\\/schema.org\",\"@graph\":[{\"@type\":\"WebPage\",\"@id\":\"https:\\\/\\\/weighstation.eu\\\/project\\\/chi-ce-ce\\\/\",\"url\":\"https:\\\/\\\/weighstation.eu\\\/project\\\/chi-ce-ce\\\/\",\"name\":\"Chi c\u2019\u00e8 c\u2019\u00e8 - Weigh Station\",\"isPartOf\":{\"@id\":\"https:\\\/\\\/weighstation.eu\\\/#website\"},\"datePublished\":\"2021-02-10T16:23:45+00:00\",\"dateModified\":\"2025-02-24T13:53:24+00:00\",\"breadcrumb\":{\"@id\":\"https:\\\/\\\/weighstation.eu\\\/project\\\/chi-ce-ce\\\/#breadcrumb\"},\"inLanguage\":\"it-IT\",\"potentialAction\":[{\"@type\":\"ReadAction\",\"target\":[\"https:\\\/\\\/weighstation.eu\\\/project\\\/chi-ce-ce\\\/\"]}]},{\"@type\":\"BreadcrumbList\",\"@id\":\"https:\\\/\\\/weighstation.eu\\\/project\\\/chi-ce-ce\\\/#breadcrumb\",\"itemListElement\":[{\"@type\":\"ListItem\",\"position\":1,\"name\":\"Home\",\"item\":\"https:\\\/\\\/weighstation.eu\\\/\"},{\"@type\":\"ListItem\",\"position\":2,\"name\":\"Chi c\u2019\u00e8 c\u2019\u00e8\"}]},{\"@type\":\"WebSite\",\"@id\":\"https:\\\/\\\/weighstation.eu\\\/#website\",\"url\":\"https:\\\/\\\/weighstation.eu\\\/\",\"name\":\"Weigh Station\",\"description\":\"Tutti gli appuntamenti di Weigh Station da non perdere, ci vediamo a Casa della Pesa \u2013 suona il campanello, siamo al secondo piano \u2013 oppure online.\",\"publisher\":{\"@id\":\"https:\\\/\\\/weighstation.eu\\\/#organization\"},\"potentialAction\":[{\"@type\":\"SearchAction\",\"target\":{\"@type\":\"EntryPoint\",\"urlTemplate\":\"https:\\\/\\\/weighstation.eu\\\/?s={search_term_string}\"},\"query-input\":{\"@type\":\"PropertyValueSpecification\",\"valueRequired\":true,\"valueName\":\"search_term_string\"}}],\"inLanguage\":\"it-IT\"},{\"@type\":\"Organization\",\"@id\":\"https:\\\/\\\/weighstation.eu\\\/#organization\",\"name\":\"Weigh Station\",\"alternateName\":\"Weigh Station ETS\",\"url\":\"https:\\\/\\\/weighstation.eu\\\/\",\"logo\":{\"@type\":\"ImageObject\",\"inLanguage\":\"it-IT\",\"@id\":\"https:\\\/\\\/weighstation.eu\\\/#\\\/schema\\\/logo\\\/image\\\/\",\"url\":\"https:\\\/\\\/weighstation.eu\\\/wp-content\\\/uploads\\\/2025\\\/01\\\/WS-LogoOrganizzazione.png\",\"contentUrl\":\"https:\\\/\\\/weighstation.eu\\\/wp-content\\\/uploads\\\/2025\\\/01\\\/WS-LogoOrganizzazione.png\",\"width\":1200,\"height\":1200,\"caption\":\"Weigh Station\"},\"image\":{\"@id\":\"https:\\\/\\\/weighstation.eu\\\/#\\\/schema\\\/logo\\\/image\\\/\"},\"sameAs\":[\"https:\\\/\\\/www.facebook.com\\\/weighstationbz\",\"https:\\\/\\\/www.instagram.com\\\/weigh_station\\\/\"]}]}<\/script>\n<!-- \/ Yoast SEO plugin. -->","yoast_head_json":{"title":"Chi c\u2019\u00e8 c\u2019\u00e8 - Weigh Station","robots":{"index":"index","follow":"follow","max-snippet":"max-snippet:-1","max-image-preview":"max-image-preview:large","max-video-preview":"max-video-preview:-1"},"canonical":"https:\/\/weighstation.eu\/project\/chi-ce-ce\/","og_locale":"it_IT","og_type":"article","og_title":"Chi c\u2019\u00e8 c\u2019\u00e8 - Weigh Station","og_url":"https:\/\/weighstation.eu\/project\/chi-ce-ce\/","og_site_name":"Weigh Station","article_publisher":"https:\/\/www.facebook.com\/weighstationbz","article_modified_time":"2025-02-24T13:53:24+00:00","og_image":[{"width":1200,"height":628,"url":"https:\/\/weighstation.eu\/wp-content\/uploads\/2025\/01\/Tavola_disegno_1.png","type":"image\/png"}],"twitter_card":"summary_large_image","schema":{"@context":"https:\/\/schema.org","@graph":[{"@type":"WebPage","@id":"https:\/\/weighstation.eu\/project\/chi-ce-ce\/","url":"https:\/\/weighstation.eu\/project\/chi-ce-ce\/","name":"Chi c\u2019\u00e8 c\u2019\u00e8 - Weigh Station","isPartOf":{"@id":"https:\/\/weighstation.eu\/#website"},"datePublished":"2021-02-10T16:23:45+00:00","dateModified":"2025-02-24T13:53:24+00:00","breadcrumb":{"@id":"https:\/\/weighstation.eu\/project\/chi-ce-ce\/#breadcrumb"},"inLanguage":"it-IT","potentialAction":[{"@type":"ReadAction","target":["https:\/\/weighstation.eu\/project\/chi-ce-ce\/"]}]},{"@type":"BreadcrumbList","@id":"https:\/\/weighstation.eu\/project\/chi-ce-ce\/#breadcrumb","itemListElement":[{"@type":"ListItem","position":1,"name":"Home","item":"https:\/\/weighstation.eu\/"},{"@type":"ListItem","position":2,"name":"Chi c\u2019\u00e8 c\u2019\u00e8"}]},{"@type":"WebSite","@id":"https:\/\/weighstation.eu\/#website","url":"https:\/\/weighstation.eu\/","name":"Weigh Station","description":"Tutti gli appuntamenti di Weigh Station da non perdere, ci vediamo a Casa della Pesa \u2013 suona il campanello, siamo al secondo piano \u2013 oppure online.","publisher":{"@id":"https:\/\/weighstation.eu\/#organization"},"potentialAction":[{"@type":"SearchAction","target":{"@type":"EntryPoint","urlTemplate":"https:\/\/weighstation.eu\/?s={search_term_string}"},"query-input":{"@type":"PropertyValueSpecification","valueRequired":true,"valueName":"search_term_string"}}],"inLanguage":"it-IT"},{"@type":"Organization","@id":"https:\/\/weighstation.eu\/#organization","name":"Weigh Station","alternateName":"Weigh Station ETS","url":"https:\/\/weighstation.eu\/","logo":{"@type":"ImageObject","inLanguage":"it-IT","@id":"https:\/\/weighstation.eu\/#\/schema\/logo\/image\/","url":"https:\/\/weighstation.eu\/wp-content\/uploads\/2025\/01\/WS-LogoOrganizzazione.png","contentUrl":"https:\/\/weighstation.eu\/wp-content\/uploads\/2025\/01\/WS-LogoOrganizzazione.png","width":1200,"height":1200,"caption":"Weigh Station"},"image":{"@id":"https:\/\/weighstation.eu\/#\/schema\/logo\/image\/"},"sameAs":["https:\/\/www.facebook.com\/weighstationbz","https:\/\/www.instagram.com\/weigh_station\/"]}]}},"acf":{"hero":{"image":{"ID":518,"id":518,"title":"Progetto-chi_c'e_c'e-Cani","filename":"Progetto-chi_ce_ce-Cani.jpg","filesize":711704,"url":"https:\/\/weighstation.eu\/wp-content\/uploads\/2021\/02\/Progetto-chi_ce_ce-Cani.jpg","link":"https:\/\/weighstation.eu\/it\/project\/chi-ce-ce\/progetto-chi_ce_ce-cani\/","alt":"","author":"1","description":"","caption":"","name":"progetto-chi_ce_ce-cani","status":"inherit","uploaded_to":10,"date":"2021-03-29 12:49:45","modified":"2021-03-29 12:49:45","menu_order":0,"mime_type":"image\/jpeg","type":"image","subtype":"jpeg","icon":"https:\/\/weighstation.eu\/wp-includes\/images\/media\/default.png","width":1536,"height":1020,"sizes":{"thumbnail":"https:\/\/weighstation.eu\/wp-content\/uploads\/2021\/02\/Progetto-chi_ce_ce-Cani-150x150.jpg","thumbnail-width":150,"thumbnail-height":150,"medium":"https:\/\/weighstation.eu\/wp-content\/uploads\/2021\/02\/Progetto-chi_ce_ce-Cani-300x199.jpg","medium-width":300,"medium-height":199,"medium_large":"https:\/\/weighstation.eu\/wp-content\/uploads\/2021\/02\/Progetto-chi_ce_ce-Cani-768x510.jpg","medium_large-width":768,"medium_large-height":510,"large":"https:\/\/weighstation.eu\/wp-content\/uploads\/2021\/02\/Progetto-chi_ce_ce-Cani-1024x680.jpg","large-width":1024,"large-height":680,"1536x1536":"https:\/\/weighstation.eu\/wp-content\/uploads\/2021\/02\/Progetto-chi_ce_ce-Cani.jpg","1536x1536-width":1536,"1536x1536-height":1020,"2048x2048":"https:\/\/weighstation.eu\/wp-content\/uploads\/2021\/02\/Progetto-chi_ce_ce-Cani.jpg","2048x2048-width":1536,"2048x2048-height":1020}}},"content":{"description":"<p>CHI C\u2019\u00c8 C\u2019\u00c8 sono piccole o grandi occasioni per incontrarsi e parlare, cantare, confrontarsi, ballare, osservare, godersi uno spettacolo o una performance. Gli eventi sono aperti a tutt* coloro che decideranno di prendere posto sul nostro divano al secondo piano di Casa della Pesa.<\/p>\n","body":""},"info":{"color":"green"},"blocks":false,"agenda":{"use_filter":true}}},"typology":{"term_id":39,"name":"talk","slug":"talk","term_group":0,"term_taxonomy_id":39,"taxonomy":"typology","description":"","parent":0,"count":4,"filter":"raw","i18n_config":{"name":{"ts":{"it":"talk"}}}},"consultant":"error","schedule":{"type":"occurrences","occurrences":[{"date":"2023-12-13","start":"18:30","end":""}],"period":{"start":null,"end":null}}},"info":{"image":{"ID":3423,"id":3423,"title":"Website-Archive-IDMFilmJourFixe","filename":"Website-Archive-IDMFilmJourFixe.jpg","filesize":183783,"url":"https:\/\/weighstation.eu\/wp-content\/uploads\/2023\/12\/Website-Archive-IDMFilmJourFixe.jpg","link":"https:\/\/weighstation.eu\/it\/event\/chi-ce-ce-meets-idm-film-jour-fixe-2\/website-archive-idmfilmjourfixe-2\/","alt":"","author":"2","description":"","caption":"","name":"website-archive-idmfilmjourfixe-2","status":"inherit","uploaded_to":3421,"date":"2023-12-04 08:58:49","modified":"2023-12-04 08:58:49","menu_order":0,"mime_type":"image\/jpeg","type":"image","subtype":"jpeg","icon":"https:\/\/weighstation.eu\/wp-includes\/images\/media\/default.png","width":1513,"height":1008,"sizes":{"thumbnail":"https:\/\/weighstation.eu\/wp-content\/uploads\/2023\/12\/Website-Archive-IDMFilmJourFixe.jpg","thumbnail-width":150,"thumbnail-height":100,"medium":"https:\/\/weighstation.eu\/wp-content\/uploads\/2023\/12\/Website-Archive-IDMFilmJourFixe.jpg","medium-width":300,"medium-height":200,"medium_large":"https:\/\/weighstation.eu\/wp-content\/uploads\/2023\/12\/Website-Archive-IDMFilmJourFixe.jpg","medium_large-width":768,"medium_large-height":512,"large":"https:\/\/weighstation.eu\/wp-content\/uploads\/2023\/12\/Website-Archive-IDMFilmJourFixe.jpg","large-width":1024,"large-height":682,"1536x1536":"https:\/\/weighstation.eu\/wp-content\/uploads\/2023\/12\/Website-Archive-IDMFilmJourFixe.jpg","1536x1536-width":1513,"1536x1536-height":1008,"2048x2048":"https:\/\/weighstation.eu\/wp-content\/uploads\/2023\/12\/Website-Archive-IDMFilmJourFixe.jpg","2048x2048-width":1513,"2048x2048-height":1008}},"title":"CHI C\u2019\u00c9 C\u2019\u00c9! meets IDM FILM JOUR FIXE","subtitle":"in collaboration with IDM Film Fund & Commission + Perfas","keyword":false},"content":{"image":{"ID":3422,"id":3422,"title":"Facebook-Cover-IDMFilmJourFixe","filename":"Facebook-Cover-IDMFilmJourFixe.jpg","filesize":904594,"url":"https:\/\/weighstation.eu\/wp-content\/uploads\/2023\/12\/Facebook-Cover-IDMFilmJourFixe.jpg","link":"https:\/\/weighstation.eu\/it\/event\/chi-ce-ce-meets-idm-film-jour-fixe-2\/facebook-cover-idmfilmjourfixe-2\/","alt":"","author":"2","description":"","caption":"","name":"facebook-cover-idmfilmjourfixe-2","status":"inherit","uploaded_to":3421,"date":"2023-12-04 08:58:40","modified":"2023-12-04 08:58:40","menu_order":0,"mime_type":"image\/jpeg","type":"image","subtype":"jpeg","icon":"https:\/\/weighstation.eu\/wp-includes\/images\/media\/default.png","width":4000,"height":2094,"sizes":{"thumbnail":"https:\/\/weighstation.eu\/wp-content\/uploads\/2023\/12\/Facebook-Cover-IDMFilmJourFixe.jpg","thumbnail-width":150,"thumbnail-height":79,"medium":"https:\/\/weighstation.eu\/wp-content\/uploads\/2023\/12\/Facebook-Cover-IDMFilmJourFixe.jpg","medium-width":300,"medium-height":157,"medium_large":"https:\/\/weighstation.eu\/wp-content\/uploads\/2023\/12\/Facebook-Cover-IDMFilmJourFixe.jpg","medium_large-width":768,"medium_large-height":402,"large":"https:\/\/weighstation.eu\/wp-content\/uploads\/2023\/12\/Facebook-Cover-IDMFilmJourFixe.jpg","large-width":1024,"large-height":536,"1536x1536":"https:\/\/weighstation.eu\/wp-content\/uploads\/2023\/12\/Facebook-Cover-IDMFilmJourFixe.jpg","1536x1536-width":1536,"1536x1536-height":804,"2048x2048":"https:\/\/weighstation.eu\/wp-content\/uploads\/2023\/12\/Facebook-Cover-IDMFilmJourFixe.jpg","2048x2048-width":2048,"2048x2048-height":1072}},"body":"<p>In collaborazione con l\u2019appuntamento CHI C\u2019\u00c9 C\u2019\u00c9! di Weigh Station e con la partecipazione di Perfas si terr\u00e0 l&#8217;ultimo\u00a0IDM Film Jour Fixe dell\u2019anno.<\/p>\n<p><strong>Al centro il tema del diritto d&#8217;autore: come tutelarsi? Quali sono le buone pratiche da seguire nel settore audiovisivo?<\/strong><br \/>\nOspite della serata sar\u00e0 <strong>Andrea Marco Ricci, avvocato esperto nel campo del diritto d\u2019autore e della legislazione dello spettacolo<\/strong> e consigliere di Nuovo IMAIE, realt\u00e0 fondata da artist* impegnata nella tutela dei diritti connessi allo sfruttamento di opere audiovisive e musicali che vengono trasmesse via radio, tv, web, esercizi pubblici. Il dialogo con l&#8217;ospite sar\u00e0 moderato da <strong>Thomas Ober Maniacco, musicista e direttore generale di PERFAS &#8211; Performing Artists South Tyrol.<\/strong><\/p>\n<p><strong>Il talk \u00e8 aperto a tutt* gli\/le interessat* artist*, musicist*, produttori\/rici, filmmaker.<\/strong><br \/>\n<strong>Dopo l&#8217;evento gli\/le ospiti potranno continuare la conversazione con un aperitivo, sar\u00e0 un\u2019ottima occasione anche per ritrovarsi per un brindisi prima delle festivit\u00e0 natalizie!<\/strong><\/p>\n<p>&nbsp;<\/p>\n<p><strong>ANDREA MARCO RICCI \u2013 BIO<\/strong><br \/>\nlaureato cum laude in Giurisprudenza presso l\u2019Alma Mater Studiorum \u2013 Universit\u00e0 di Bologna, \u00e8 autore e curatore di numerosi contributi scientifici e divulgativi in materia di propriet\u00e0 intellettuale, Digital Rights Management e diritto delle nuove tecnologie e sugli stessi temi ha partecipato come relatore e docente nell\u2019ambito di convegni, corsi di laurea e post\u2013laurea.<br \/>\nAvvocato, svolge un\u2019intensa attivit\u00e0 didattica e di consulenza legale, nel campo del diritto d\u2019autore e della legislazione dello spettacolo e ha collaborato con diverse riviste giuridiche e di musica. \u00c8 stato membro del Comitato per la revisione dello Statuto e dei Regolamenti della SIAE (2007-2011), del Comitato Consultivo di Assistenza e Controllo del Nuovo IMAIE (2011-2013), di cui ha assistito alla fondazione e di cui \u00e8 dal 2013 Consigliere di Amministrazione.<\/p>\n<p><strong>THOMAS OBER MANIACCO<\/strong><br \/>\nLavora come musicista dal 2013, \u00e8 un trombettista professionista, cantante, autore di canzoni e arrangiatore\/produttore.<br \/>\nDal 2013 \u00e8 attivo nella band pop-folk &#8220;Color Colectif&#8221;, dal 2014 \u00e8 membro della big band &#8220;Shanti Powa&#8221; e dal 2022 porta avanti un progetto solista di musica prevalentemente Dub\/Soundsystem: &#8220;Athomos&#8221;. Dal maggio 2022 \u00e8 responsabile dello sportello informativo SIAE\/INPS (ex-ENPALS) all&#8217;interno del Centro di Formazione Alto Adige di Bolzano (\u00e8 specializzato in diritto d&#8217;autore) e dal febbraio 2023 \u00e8 direttore generale di PERFAS.<\/p>\n<p>&nbsp;<\/p>\n<p>Quando:\u00a0mercoled\u00ec 13 dicembre 2023, ore 18:30<br \/>\nDove: Casa della Pesa a Bolzano, Waag +2<br \/>\nLingua: Italiano con moderazione in italiano e tedesco<br \/>\nIngresso:\u00a0libero, nessuna registrazione necessaria<\/p>\n<p>&nbsp;<\/p>\n","credits":""},"blocks":false},"_links":{"self":[{"href":"https:\/\/weighstation.eu\/it\/wp-json\/wp\/v2\/event\/3421","targetHints":{"allow":["GET"]}}],"collection":[{"href":"https:\/\/weighstation.eu\/it\/wp-json\/wp\/v2\/event"}],"about":[{"href":"https:\/\/weighstation.eu\/it\/wp-json\/wp\/v2\/types\/event"}],"wp:attachment":[{"href":"https:\/\/weighstation.eu\/it\/wp-json\/wp\/v2\/media?parent=3421"}],"wp:term":[{"taxonomy":"typology","embeddable":true,"href":"https:\/\/weighstation.eu\/it\/wp-json\/wp\/v2\/typology?post=3421"},{"taxonomy":"keyword","embeddable":true,"href":"https:\/\/weighstation.eu\/it\/wp-json\/wp\/v2\/keyword?post=3421"}],"curies":[{"name":"wp","href":"https:\/\/api.w.org\/{rel}","templated":true}]}}